{"id":523,"date":"2023-09-13T13:39:20","date_gmt":"2023-09-13T11:39:20","guid":{"rendered":"https:\/\/legardemanger01.fr\/?page_id=523"},"modified":"2024-10-11T15:21:46","modified_gmt":"2024-10-11T13:21:46","slug":"galerie-food-truck-prestation","status":"publish","type":"page","link":"https:\/\/legardemanger01.fr\/index.php\/galerie-food-truck-prestation\/","title":{"rendered":"Galerie Food Truck Prestations"},"content":{"rendered":"\n<div class=\"wp-block-columns are-vertically-aligned-center is-layout-flex wp-container-core-columns-is-layout-9d6595d7 wp-block-columns-is-layout-flex\">\n<div class=\"wp-block-column is-vertically-aligned-center is-layout-flow wp-block-column-is-layout-flow\" style=\"flex-basis:100%\">\n<div style=\"height:100px\" aria-hidden=\"true\" class=\"wp-block-spacer\"><\/div>\n\n\n\n<p><\/p>\n\n\n\n<p><\/p>\n\n\n\n<p class=\"has-text-align-center has-medium-font-size\">Bienvenue dans la galerie du Food Truck Le Garde Manger, situ\u00e9 en Rh\u00f4ne Alpes Auvergne, Ain (01) ! Vous retrouverez ici une s\u00e9lection de photo de nos prestations pass\u00e9es. Mariage, anniversaire, \u00e9v\u00e9nement professionnel ou associatifs, tous les pr\u00e9textes sont bons pour se retrouver et c\u00e9l\u00e9brer un moment de complicit\u00e9 !<\/p>\n\n\n\n<div style=\"height:100px\" aria-hidden=\"true\" class=\"wp-block-spacer\"><\/div>\n\n\n\n<div class=\"wp-block-jetpack-tiled-gallery aligncenter is-style-rectangular\"><div class=\"has-rounded-corners-10\"><div class=\"tiled-gallery__gallery\"><div class=\"tiled-gallery__row\"><div class=\"tiled-gallery__col\" style=\"flex-basis:54.20898%\"><figure class=\"tiled-gallery__item\"><a href=\"https:\/\/legardemanger01.fr\/wp-content\/uploads\/2023\/09\/photo-fleur-loin-846x1024.jpg\"><img decoding=\"async\" srcset=\"https:\/\/i1.wp.com\/legardemanger01.fr\/wp-content\/uploads\/2023\/09\/photo-fleur-loin-846x1024.jpg?strip=info&#038;w=600&#038;ssl=1 600w,https:\/\/i1.wp.com\/legardemanger01.fr\/wp-content\/uploads\/2023\/09\/photo-fleur-loin-846x1024.jpg?strip=info&#038;w=892&#038;ssl=1 892w\" alt=\"Food Truck Rhone Alpes Ain le garde manger\" data-height=\"1080\" data-id=\"552\" data-link=\"https:\/\/legardemanger01.fr\/index.php\/galerie-food-truck-prestation\/photo-fleur-loin\/\" data-url=\"https:\/\/legardemanger01.fr\/wp-content\/uploads\/2023\/09\/photo-fleur-loin-846x1024.jpg\" data-width=\"892\" src=\"https:\/\/i1.wp.com\/legardemanger01.fr\/wp-content\/uploads\/2023\/09\/photo-fleur-loin-846x1024.jpg?ssl=1\" data-amp-layout=\"responsive\" tabindex=\"0\" role=\"button\" aria-label=\"Ouvrir l\u2019image 1 sur 58 en plein \u00e9cran\"\/><\/a><\/figure><\/div><div class=\"tiled-gallery__col\" style=\"flex-basis:45.79102%\"><figure class=\"tiled-gallery__item\"><a href=\"https:\/\/legardemanger01.fr\/wp-content\/uploads\/2024\/05\/camion-1-web-714x1024.jpg\"><img decoding=\"async\" srcset=\"https:\/\/i0.wp.com\/legardemanger01.fr\/wp-content\/uploads\/2024\/05\/camion-1-web-714x1024.jpg?strip=info&#038;w=600&#038;ssl=1 600w,https:\/\/i0.wp.com\/legardemanger01.fr\/wp-content\/uploads\/2024\/05\/camion-1-web-714x1024.jpg?strip=info&#038;w=900&#038;ssl=1 900w,https:\/\/i0.wp.com\/legardemanger01.fr\/wp-content\/uploads\/2024\/05\/camion-1-web-714x1024.jpg?strip=info&#038;w=1200&#038;ssl=1 1200w,https:\/\/i0.wp.com\/legardemanger01.fr\/wp-content\/uploads\/2024\/05\/camion-1-web-714x1024.jpg?strip=info&#038;w=1500&#038;ssl=1 1500w,https:\/\/i0.wp.com\/legardemanger01.fr\/wp-content\/uploads\/2024\/05\/camion-1-web-714x1024.jpg?strip=info&#038;w=1752&#038;ssl=1 1752w\" alt=\"Food Truck Rhone Alpes Ain le garde manger\" data-height=\"2512\" data-id=\"1082\" data-link=\"https:\/\/legardemanger01.fr\/index.php\/galerie-food-truck-prestation\/camion-1-web\/\" data-url=\"https:\/\/legardemanger01.fr\/wp-content\/uploads\/2024\/05\/camion-1-web-714x1024.jpg\" data-width=\"1752\" src=\"https:\/\/i0.wp.com\/legardemanger01.fr\/wp-content\/uploads\/2024\/05\/camion-1-web-714x1024.jpg?ssl=1\" data-amp-layout=\"responsive\" tabindex=\"0\" role=\"button\" aria-label=\"Ouvrir l\u2019image 2 sur 58 en plein \u00e9cran\"\/><\/a><\/figure><\/div><\/div><div class=\"tiled-gallery__row\"><div class=\"tiled-gallery__col\" style=\"flex-basis:100.00000%\"><figure class=\"tiled-gallery__item\"><a href=\"https:\/\/legardemanger01.fr\/wp-content\/uploads\/2024\/05\/Buffet-Dinatoire-1-web-1024x278.jpg\"><img decoding=\"async\" srcset=\"https:\/\/i0.wp.com\/legardemanger01.fr\/wp-content\/uploads\/2024\/05\/Buffet-Dinatoire-1-web-1024x278.jpg?strip=info&#038;w=600&#038;ssl=1 600w,https:\/\/i0.wp.com\/legardemanger01.fr\/wp-content\/uploads\/2024\/05\/Buffet-Dinatoire-1-web-1024x278.jpg?strip=info&#038;w=900&#038;ssl=1 900w,https:\/\/i0.wp.com\/legardemanger01.fr\/wp-content\/uploads\/2024\/05\/Buffet-Dinatoire-1-web-1024x278.jpg?strip=info&#038;w=1200&#038;ssl=1 1200w,https:\/\/i0.wp.com\/legardemanger01.fr\/wp-content\/uploads\/2024\/05\/Buffet-Dinatoire-1-web-1024x278.jpg?strip=info&#038;w=1500&#038;ssl=1 1500w,https:\/\/i0.wp.com\/legardemanger01.fr\/wp-content\/uploads\/2024\/05\/Buffet-Dinatoire-1-web-1024x278.jpg?strip=info&#038;w=1800&#038;ssl=1 1800w,https:\/\/i0.wp.com\/legardemanger01.fr\/wp-content\/uploads\/2024\/05\/Buffet-Dinatoire-1-web-1024x278.jpg?strip=info&#038;w=2000&#038;ssl=1 2000w\" alt=\"Food Truck Rhone Alpes Ain le garde manger\" data-height=\"695\" data-id=\"1080\" data-link=\"https:\/\/legardemanger01.fr\/index.php\/galerie-food-truck-prestation\/buffet-dinatoire-1-web\/\" data-url=\"https:\/\/legardemanger01.fr\/wp-content\/uploads\/2024\/05\/Buffet-Dinatoire-1-web-1024x278.jpg\" data-width=\"2560\" src=\"https:\/\/i0.wp.com\/legardemanger01.fr\/wp-content\/uploads\/2024\/05\/Buffet-Dinatoire-1-web-1024x278.jpg?ssl=1\" data-amp-layout=\"responsive\" tabindex=\"0\" role=\"button\" aria-label=\"Ouvrir l\u2019image 3 sur 58 en plein \u00e9cran\"\/><\/a><\/figure><\/div><\/div><div class=\"tiled-gallery__row\"><div class=\"tiled-gallery__col\" style=\"flex-basis:23.64419%\"><figure class=\"tiled-gallery__item\"><a href=\"https:\/\/legardemanger01.fr\/wp-content\/uploads\/2023\/10\/legardemanger-2-11-510x1024.jpg\"><img decoding=\"async\" srcset=\"https:\/\/i2.wp.com\/legardemanger01.fr\/wp-content\/uploads\/2023\/10\/legardemanger-2-11-510x1024.jpg?strip=info&#038;w=600&#038;ssl=1 600w,https:\/\/i2.wp.com\/legardemanger01.fr\/wp-content\/uploads\/2023\/10\/legardemanger-2-11-510x1024.jpg?strip=info&#038;w=900&#038;ssl=1 900w,https:\/\/i2.wp.com\/legardemanger01.fr\/wp-content\/uploads\/2023\/10\/legardemanger-2-11-510x1024.jpg?strip=info&#038;w=1200&#038;ssl=1 1200w,https:\/\/i2.wp.com\/legardemanger01.fr\/wp-content\/uploads\/2023\/10\/legardemanger-2-11-510x1024.jpg?strip=info&#038;w=1275&#038;ssl=1 1275w\" alt=\"Food Truck Rhone Alpes Ain le garde manger\" data-height=\"2560\" data-id=\"625\" data-link=\"https:\/\/legardemanger01.fr\/index.php\/galerie-food-truck-prestation\/legardemanger-2-11\/\" data-url=\"https:\/\/legardemanger01.fr\/wp-content\/uploads\/2023\/10\/legardemanger-2-11-510x1024.jpg\" data-width=\"1275\" src=\"https:\/\/i2.wp.com\/legardemanger01.fr\/wp-content\/uploads\/2023\/10\/legardemanger-2-11-510x1024.jpg?ssl=1\" data-amp-layout=\"responsive\" tabindex=\"0\" role=\"button\" aria-label=\"Ouvrir l\u2019image 4 sur 58 en plein \u00e9cran\"\/><\/a><\/figure><\/div><div class=\"tiled-gallery__col\" style=\"flex-basis:36.13502%\"><figure class=\"tiled-gallery__item\"><a href=\"https:\/\/legardemanger01.fr\/wp-content\/uploads\/2023\/10\/legardemanger-2-4-780x1024.jpg\"><img decoding=\"async\" srcset=\"https:\/\/i1.wp.com\/legardemanger01.fr\/wp-content\/uploads\/2023\/10\/legardemanger-2-4-780x1024.jpg?strip=info&#038;w=600&#038;ssl=1 600w,https:\/\/i1.wp.com\/legardemanger01.fr\/wp-content\/uploads\/2023\/10\/legardemanger-2-4-780x1024.jpg?strip=info&#038;w=900&#038;ssl=1 900w,https:\/\/i1.wp.com\/legardemanger01.fr\/wp-content\/uploads\/2023\/10\/legardemanger-2-4-780x1024.jpg?strip=info&#038;w=1200&#038;ssl=1 1200w,https:\/\/i1.wp.com\/legardemanger01.fr\/wp-content\/uploads\/2023\/10\/legardemanger-2-4-780x1024.jpg?strip=info&#038;w=1500&#038;ssl=1 1500w,https:\/\/i1.wp.com\/legardemanger01.fr\/wp-content\/uploads\/2023\/10\/legardemanger-2-4-780x1024.jpg?strip=info&#038;w=1800&#038;ssl=1 1800w,https:\/\/i1.wp.com\/legardemanger01.fr\/wp-content\/uploads\/2023\/10\/legardemanger-2-4-780x1024.jpg?strip=info&#038;w=1951&#038;ssl=1 1951w\" alt=\"Food Truck Rhone Alpes Ain le garde manger\" data-height=\"2560\" data-id=\"617\" data-link=\"https:\/\/legardemanger01.fr\/index.php\/galerie-food-truck-prestation\/legardemanger-2-4\/\" data-url=\"https:\/\/legardemanger01.fr\/wp-content\/uploads\/2023\/10\/legardemanger-2-4-780x1024.jpg\" data-width=\"1951\" src=\"https:\/\/i1.wp.com\/legardemanger01.fr\/wp-content\/uploads\/2023\/10\/legardemanger-2-4-780x1024.jpg?ssl=1\" data-amp-layout=\"responsive\" tabindex=\"0\" role=\"button\" aria-label=\"Ouvrir l\u2019image 5 sur 58 en plein \u00e9cran\"\/><\/a><\/figure><\/div><div class=\"tiled-gallery__col\" style=\"flex-basis:40.22080%\"><figure class=\"tiled-gallery__item\"><a href=\"https:\/\/legardemanger01.fr\/wp-content\/uploads\/2023\/09\/legardemanger-food-truck-toast2-869x1024.jpg\"><img decoding=\"async\" srcset=\"https:\/\/i0.wp.com\/legardemanger01.fr\/wp-content\/uploads\/2023\/09\/legardemanger-food-truck-toast2-869x1024.jpg?strip=info&#038;w=600&#038;ssl=1 600w,https:\/\/i0.wp.com\/legardemanger01.fr\/wp-content\/uploads\/2023\/09\/legardemanger-food-truck-toast2-869x1024.jpg?strip=info&#038;w=900&#038;ssl=1 900w,https:\/\/i0.wp.com\/legardemanger01.fr\/wp-content\/uploads\/2023\/09\/legardemanger-food-truck-toast2-869x1024.jpg?strip=info&#038;w=1200&#038;ssl=1 1200w,https:\/\/i0.wp.com\/legardemanger01.fr\/wp-content\/uploads\/2023\/09\/legardemanger-food-truck-toast2-869x1024.jpg?strip=info&#038;w=1500&#038;ssl=1 1500w,https:\/\/i0.wp.com\/legardemanger01.fr\/wp-content\/uploads\/2023\/09\/legardemanger-food-truck-toast2-869x1024.jpg?strip=info&#038;w=1792&#038;ssl=1 1792w\" alt=\"Food Truck Rhone Alpes Ain le garde manger\" data-height=\"2112\" data-id=\"585\" data-link=\"https:\/\/legardemanger01.fr\/index.php\/galerie-food-truck-prestation\/legardemanger-food-truck-toast2\/\" data-url=\"https:\/\/legardemanger01.fr\/wp-content\/uploads\/2023\/09\/legardemanger-food-truck-toast2-869x1024.jpg\" data-width=\"1792\" src=\"https:\/\/i0.wp.com\/legardemanger01.fr\/wp-content\/uploads\/2023\/09\/legardemanger-food-truck-toast2-869x1024.jpg?ssl=1\" data-amp-layout=\"responsive\" tabindex=\"0\" role=\"button\" aria-label=\"Ouvrir l\u2019image 6 sur 58 en plein \u00e9cran\"\/><\/a><\/figure><\/div><\/div><div class=\"tiled-gallery__row\"><div class=\"tiled-gallery__col\" style=\"flex-basis:71.87585%\"><figure class=\"tiled-gallery__item\"><a href=\"https:\/\/legardemanger01.fr\/wp-content\/uploads\/2024\/05\/buffet-detail-1-web-1024x607.jpg\"><img decoding=\"async\" srcset=\"https:\/\/i2.wp.com\/legardemanger01.fr\/wp-content\/uploads\/2024\/05\/buffet-detail-1-web-1024x607.jpg?strip=info&#038;w=600&#038;ssl=1 600w,https:\/\/i2.wp.com\/legardemanger01.fr\/wp-content\/uploads\/2024\/05\/buffet-detail-1-web-1024x607.jpg?strip=info&#038;w=900&#038;ssl=1 900w,https:\/\/i2.wp.com\/legardemanger01.fr\/wp-content\/uploads\/2024\/05\/buffet-detail-1-web-1024x607.jpg?strip=info&#038;w=1200&#038;ssl=1 1200w,https:\/\/i2.wp.com\/legardemanger01.fr\/wp-content\/uploads\/2024\/05\/buffet-detail-1-web-1024x607.jpg?strip=info&#038;w=1500&#038;ssl=1 1500w,https:\/\/i2.wp.com\/legardemanger01.fr\/wp-content\/uploads\/2024\/05\/buffet-detail-1-web-1024x607.jpg?strip=info&#038;w=1800&#038;ssl=1 1800w,https:\/\/i2.wp.com\/legardemanger01.fr\/wp-content\/uploads\/2024\/05\/buffet-detail-1-web-1024x607.jpg?strip=info&#038;w=2000&#038;ssl=1 2000w\" alt=\"Food Truck Rhone Alpes Ain le garde manger\" data-height=\"1519\" data-id=\"1077\" data-link=\"https:\/\/legardemanger01.fr\/index.php\/galerie-food-truck-prestation\/buffet-detail-1-web\/\" data-url=\"https:\/\/legardemanger01.fr\/wp-content\/uploads\/2024\/05\/buffet-detail-1-web-1024x607.jpg\" data-width=\"2560\" src=\"https:\/\/i2.wp.com\/legardemanger01.fr\/wp-content\/uploads\/2024\/05\/buffet-detail-1-web-1024x607.jpg?ssl=1\" data-amp-layout=\"responsive\" tabindex=\"0\" role=\"button\" aria-label=\"Ouvrir l\u2019image 7 sur 58 en plein \u00e9cran\"\/><\/a><\/figure><\/div><div class=\"tiled-gallery__col\" style=\"flex-basis:28.12415%\"><figure class=\"tiled-gallery__item\"><a href=\"https:\/\/legardemanger01.fr\/wp-content\/uploads\/2024\/03\/planche-1-legardemanger-01-673x1024.jpg\"><img decoding=\"async\" srcset=\"https:\/\/i1.wp.com\/legardemanger01.fr\/wp-content\/uploads\/2024\/03\/planche-1-legardemanger-01-673x1024.jpg?strip=info&#038;w=600&#038;ssl=1 600w,https:\/\/i1.wp.com\/legardemanger01.fr\/wp-content\/uploads\/2024\/03\/planche-1-legardemanger-01-673x1024.jpg?strip=info&#038;w=900&#038;ssl=1 900w,https:\/\/i1.wp.com\/legardemanger01.fr\/wp-content\/uploads\/2024\/03\/planche-1-legardemanger-01-673x1024.jpg?strip=info&#038;w=1200&#038;ssl=1 1200w,https:\/\/i1.wp.com\/legardemanger01.fr\/wp-content\/uploads\/2024\/03\/planche-1-legardemanger-01-673x1024.jpg?strip=info&#038;w=1500&#038;ssl=1 1500w,https:\/\/i1.wp.com\/legardemanger01.fr\/wp-content\/uploads\/2024\/03\/planche-1-legardemanger-01-673x1024.jpg?strip=info&#038;w=1683&#038;ssl=1 1683w\" alt=\"Food Truck Rhone Alpes Ain le garde manger\" data-height=\"2560\" data-id=\"1063\" data-link=\"https:\/\/legardemanger01.fr\/index.php\/galerie-food-truck-prestation\/planche-1-legardemanger-01\/\" data-url=\"https:\/\/legardemanger01.fr\/wp-content\/uploads\/2024\/03\/planche-1-legardemanger-01-673x1024.jpg\" data-width=\"1683\" src=\"https:\/\/i1.wp.com\/legardemanger01.fr\/wp-content\/uploads\/2024\/03\/planche-1-legardemanger-01-673x1024.jpg?ssl=1\" data-amp-layout=\"responsive\" tabindex=\"0\" role=\"button\" aria-label=\"Ouvrir l\u2019image 8 sur 58 en plein \u00e9cran\"\/><\/a><\/figure><\/div><\/div><div class=\"tiled-gallery__row\"><div class=\"tiled-gallery__col\" style=\"flex-basis:30.12670%\"><figure class=\"tiled-gallery__item\"><a href=\"https:\/\/legardemanger01.fr\/wp-content\/uploads\/2024\/05\/buffet-detail-web-1024x1006.jpg\"><img decoding=\"async\" srcset=\"https:\/\/i1.wp.com\/legardemanger01.fr\/wp-content\/uploads\/2024\/05\/buffet-detail-web-1024x1006.jpg?strip=info&#038;w=600&#038;ssl=1 600w,https:\/\/i1.wp.com\/legardemanger01.fr\/wp-content\/uploads\/2024\/05\/buffet-detail-web-1024x1006.jpg?strip=info&#038;w=900&#038;ssl=1 900w,https:\/\/i1.wp.com\/legardemanger01.fr\/wp-content\/uploads\/2024\/05\/buffet-detail-web-1024x1006.jpg?strip=info&#038;w=1200&#038;ssl=1 1200w,https:\/\/i1.wp.com\/legardemanger01.fr\/wp-content\/uploads\/2024\/05\/buffet-detail-web-1024x1006.jpg?strip=info&#038;w=1500&#038;ssl=1 1500w,https:\/\/i1.wp.com\/legardemanger01.fr\/wp-content\/uploads\/2024\/05\/buffet-detail-web-1024x1006.jpg?strip=info&#038;w=1800&#038;ssl=1 1800w,https:\/\/i1.wp.com\/legardemanger01.fr\/wp-content\/uploads\/2024\/05\/buffet-detail-web-1024x1006.jpg?strip=info&#038;w=2000&#038;ssl=1 2000w\" alt=\"Food Truck Rhone Alpes Ain le garde manger\" data-height=\"2514\" data-id=\"1079\" data-link=\"https:\/\/legardemanger01.fr\/index.php\/galerie-food-truck-prestation\/buffet-detail-web\/\" data-url=\"https:\/\/legardemanger01.fr\/wp-content\/uploads\/2024\/05\/buffet-detail-web-1024x1006.jpg\" data-width=\"2560\" src=\"https:\/\/i1.wp.com\/legardemanger01.fr\/wp-content\/uploads\/2024\/05\/buffet-detail-web-1024x1006.jpg?ssl=1\" data-amp-layout=\"responsive\" tabindex=\"0\" role=\"button\" aria-label=\"Ouvrir l\u2019image 9 sur 58 en plein \u00e9cran\"\/><\/a><\/figure><\/div><div class=\"tiled-gallery__col\" style=\"flex-basis:24.25471%\"><figure class=\"tiled-gallery__item\"><a href=\"https:\/\/legardemanger01.fr\/wp-content\/uploads\/2024\/05\/buffet-detail-3-web-839x1024.jpg\"><img decoding=\"async\" srcset=\"https:\/\/i0.wp.com\/legardemanger01.fr\/wp-content\/uploads\/2024\/05\/buffet-detail-3-web-839x1024.jpg?strip=info&#038;w=600&#038;ssl=1 600w,https:\/\/i0.wp.com\/legardemanger01.fr\/wp-content\/uploads\/2024\/05\/buffet-detail-3-web-839x1024.jpg?strip=info&#038;w=900&#038;ssl=1 900w,https:\/\/i0.wp.com\/legardemanger01.fr\/wp-content\/uploads\/2024\/05\/buffet-detail-3-web-839x1024.jpg?strip=info&#038;w=1200&#038;ssl=1 1200w,https:\/\/i0.wp.com\/legardemanger01.fr\/wp-content\/uploads\/2024\/05\/buffet-detail-3-web-839x1024.jpg?strip=info&#038;w=1500&#038;ssl=1 1500w,https:\/\/i0.wp.com\/legardemanger01.fr\/wp-content\/uploads\/2024\/05\/buffet-detail-3-web-839x1024.jpg?strip=info&#038;w=1800&#038;ssl=1 1800w,https:\/\/i0.wp.com\/legardemanger01.fr\/wp-content\/uploads\/2024\/05\/buffet-detail-3-web-839x1024.jpg?strip=info&#038;w=2000&#038;ssl=1 2000w\" alt=\"Food Truck Rhone Alpes Ain le garde manger\" data-height=\"2560\" data-id=\"1078\" data-link=\"https:\/\/legardemanger01.fr\/index.php\/galerie-food-truck-prestation\/buffet-detail-3-web\/\" data-url=\"https:\/\/legardemanger01.fr\/wp-content\/uploads\/2024\/05\/buffet-detail-3-web-839x1024.jpg\" data-width=\"2097\" src=\"https:\/\/i0.wp.com\/legardemanger01.fr\/wp-content\/uploads\/2024\/05\/buffet-detail-3-web-839x1024.jpg?ssl=1\" data-amp-layout=\"responsive\" tabindex=\"0\" role=\"button\" aria-label=\"Ouvrir l\u2019image 10 sur 58 en plein \u00e9cran\"\/><\/a><\/figure><\/div><div class=\"tiled-gallery__col\" style=\"flex-basis:20.97229%\"><figure class=\"tiled-gallery__item\"><a href=\"https:\/\/legardemanger01.fr\/wp-content\/uploads\/2023\/10\/legardemanger-2-10-725x1024.jpg\"><img decoding=\"async\" srcset=\"https:\/\/i2.wp.com\/legardemanger01.fr\/wp-content\/uploads\/2023\/10\/legardemanger-2-10-725x1024.jpg?strip=info&#038;w=600&#038;ssl=1 600w,https:\/\/i2.wp.com\/legardemanger01.fr\/wp-content\/uploads\/2023\/10\/legardemanger-2-10-725x1024.jpg?strip=info&#038;w=900&#038;ssl=1 900w,https:\/\/i2.wp.com\/legardemanger01.fr\/wp-content\/uploads\/2023\/10\/legardemanger-2-10-725x1024.jpg?strip=info&#038;w=1200&#038;ssl=1 1200w,https:\/\/i2.wp.com\/legardemanger01.fr\/wp-content\/uploads\/2023\/10\/legardemanger-2-10-725x1024.jpg?strip=info&#038;w=1500&#038;ssl=1 1500w,https:\/\/i2.wp.com\/legardemanger01.fr\/wp-content\/uploads\/2023\/10\/legardemanger-2-10-725x1024.jpg?strip=info&#038;w=1800&#038;ssl=1 1800w,https:\/\/i2.wp.com\/legardemanger01.fr\/wp-content\/uploads\/2023\/10\/legardemanger-2-10-725x1024.jpg?strip=info&#038;w=1812&#038;ssl=1 1812w\" alt=\"Food Truck Rhone Alpes Ain le garde manger\" data-height=\"2560\" data-id=\"624\" data-link=\"https:\/\/legardemanger01.fr\/index.php\/galerie-food-truck-prestation\/legardemanger-2-10\/\" data-url=\"https:\/\/legardemanger01.fr\/wp-content\/uploads\/2023\/10\/legardemanger-2-10-725x1024.jpg\" data-width=\"1812\" src=\"https:\/\/i2.wp.com\/legardemanger01.fr\/wp-content\/uploads\/2023\/10\/legardemanger-2-10-725x1024.jpg?ssl=1\" data-amp-layout=\"responsive\" tabindex=\"0\" role=\"button\" aria-label=\"Ouvrir l\u2019image 11 sur 58 en plein \u00e9cran\"\/><\/a><\/figure><\/div><div class=\"tiled-gallery__col\" style=\"flex-basis:24.64630%\"><figure class=\"tiled-gallery__item\"><a href=\"https:\/\/legardemanger01.fr\/wp-content\/uploads\/2023\/10\/legardemanger-2-9-1-853x1024.jpg\"><img decoding=\"async\" srcset=\"https:\/\/i2.wp.com\/legardemanger01.fr\/wp-content\/uploads\/2023\/10\/legardemanger-2-9-1-853x1024.jpg?strip=info&#038;w=600&#038;ssl=1 600w,https:\/\/i2.wp.com\/legardemanger01.fr\/wp-content\/uploads\/2023\/10\/legardemanger-2-9-1-853x1024.jpg?strip=info&#038;w=900&#038;ssl=1 900w,https:\/\/i2.wp.com\/legardemanger01.fr\/wp-content\/uploads\/2023\/10\/legardemanger-2-9-1-853x1024.jpg?strip=info&#038;w=1200&#038;ssl=1 1200w,https:\/\/i2.wp.com\/legardemanger01.fr\/wp-content\/uploads\/2023\/10\/legardemanger-2-9-1-853x1024.jpg?strip=info&#038;w=1500&#038;ssl=1 1500w,https:\/\/i2.wp.com\/legardemanger01.fr\/wp-content\/uploads\/2023\/10\/legardemanger-2-9-1-853x1024.jpg?strip=info&#038;w=1800&#038;ssl=1 1800w,https:\/\/i2.wp.com\/legardemanger01.fr\/wp-content\/uploads\/2023\/10\/legardemanger-2-9-1-853x1024.jpg?strip=info&#038;w=2000&#038;ssl=1 2000w\" alt=\"Food Truck Rhone Alpes Ain le garde manger\" data-height=\"2560\" data-id=\"623\" data-link=\"https:\/\/legardemanger01.fr\/index.php\/galerie-food-truck-prestation\/legardemanger-2-9-1\/\" data-url=\"https:\/\/legardemanger01.fr\/wp-content\/uploads\/2023\/10\/legardemanger-2-9-1-853x1024.jpg\" data-width=\"2131\" src=\"https:\/\/i2.wp.com\/legardemanger01.fr\/wp-content\/uploads\/2023\/10\/legardemanger-2-9-1-853x1024.jpg?ssl=1\" data-amp-layout=\"responsive\" tabindex=\"0\" role=\"button\" aria-label=\"Ouvrir l\u2019image 12 sur 58 en plein \u00e9cran\"\/><\/a><\/figure><\/div><\/div><div class=\"tiled-gallery__row\"><div class=\"tiled-gallery__col\" style=\"flex-basis:41.77988%\"><figure class=\"tiled-gallery__item\"><a href=\"https:\/\/legardemanger01.fr\/wp-content\/uploads\/2024\/03\/toast-crevette-1-legrdaemanger-01-571x1024.jpg\"><img decoding=\"async\" srcset=\"https:\/\/i2.wp.com\/legardemanger01.fr\/wp-content\/uploads\/2024\/03\/toast-crevette-1-legrdaemanger-01-571x1024.jpg?strip=info&#038;w=600&#038;ssl=1 600w,https:\/\/i2.wp.com\/legardemanger01.fr\/wp-content\/uploads\/2024\/03\/toast-crevette-1-legrdaemanger-01-571x1024.jpg?strip=info&#038;w=900&#038;ssl=1 900w,https:\/\/i2.wp.com\/legardemanger01.fr\/wp-content\/uploads\/2024\/03\/toast-crevette-1-legrdaemanger-01-571x1024.jpg?strip=info&#038;w=1200&#038;ssl=1 1200w,https:\/\/i2.wp.com\/legardemanger01.fr\/wp-content\/uploads\/2024\/03\/toast-crevette-1-legrdaemanger-01-571x1024.jpg?strip=info&#038;w=1428&#038;ssl=1 1428w\" alt=\"Food Truck Rhone Alpes Ain le garde manger\" data-height=\"2560\" data-id=\"1065\" data-link=\"https:\/\/legardemanger01.fr\/index.php\/galerie-food-truck-prestation\/toast-crevette-1-legrdaemanger-01\/\" data-url=\"https:\/\/legardemanger01.fr\/wp-content\/uploads\/2024\/03\/toast-crevette-1-legrdaemanger-01-571x1024.jpg\" data-width=\"1428\" src=\"https:\/\/i2.wp.com\/legardemanger01.fr\/wp-content\/uploads\/2024\/03\/toast-crevette-1-legrdaemanger-01-571x1024.jpg?ssl=1\" data-amp-layout=\"responsive\" tabindex=\"0\" role=\"button\" aria-label=\"Ouvrir l\u2019image 13 sur 58 en plein \u00e9cran\"\/><\/a><\/figure><\/div><div class=\"tiled-gallery__col\" style=\"flex-basis:58.22012%\"><figure class=\"tiled-gallery__item\"><a href=\"https:\/\/legardemanger01.fr\/wp-content\/uploads\/2023\/10\/legardemanger-2-7-796x1024.jpg\"><img decoding=\"async\" srcset=\"https:\/\/i0.wp.com\/legardemanger01.fr\/wp-content\/uploads\/2023\/10\/legardemanger-2-7-796x1024.jpg?strip=info&#038;w=600&#038;ssl=1 600w,https:\/\/i0.wp.com\/legardemanger01.fr\/wp-content\/uploads\/2023\/10\/legardemanger-2-7-796x1024.jpg?strip=info&#038;w=900&#038;ssl=1 900w,https:\/\/i0.wp.com\/legardemanger01.fr\/wp-content\/uploads\/2023\/10\/legardemanger-2-7-796x1024.jpg?strip=info&#038;w=1200&#038;ssl=1 1200w,https:\/\/i0.wp.com\/legardemanger01.fr\/wp-content\/uploads\/2023\/10\/legardemanger-2-7-796x1024.jpg?strip=info&#038;w=1500&#038;ssl=1 1500w,https:\/\/i0.wp.com\/legardemanger01.fr\/wp-content\/uploads\/2023\/10\/legardemanger-2-7-796x1024.jpg?strip=info&#038;w=1800&#038;ssl=1 1800w,https:\/\/i0.wp.com\/legardemanger01.fr\/wp-content\/uploads\/2023\/10\/legardemanger-2-7-796x1024.jpg?strip=info&#038;w=1991&#038;ssl=1 1991w\" alt=\"Food Truck Rhone Alpes Ain le garde manger\" data-height=\"2560\" data-id=\"620\" data-link=\"https:\/\/legardemanger01.fr\/index.php\/galerie-food-truck-prestation\/legardemanger-2-7\/\" data-url=\"https:\/\/legardemanger01.fr\/wp-content\/uploads\/2023\/10\/legardemanger-2-7-796x1024.jpg\" data-width=\"1991\" src=\"https:\/\/i0.wp.com\/legardemanger01.fr\/wp-content\/uploads\/2023\/10\/legardemanger-2-7-796x1024.jpg?ssl=1\" data-amp-layout=\"responsive\" tabindex=\"0\" role=\"button\" aria-label=\"Ouvrir l\u2019image 14 sur 58 en plein \u00e9cran\"\/><\/a><\/figure><\/div><\/div><div class=\"tiled-gallery__row\"><div class=\"tiled-gallery__col\" style=\"flex-basis:14.83185%\"><figure class=\"tiled-gallery__item\"><a href=\"https:\/\/legardemanger01.fr\/wp-content\/uploads\/2024\/03\/sandwich-1-legardemanger-01-461x1024.jpg\"><img decoding=\"async\" srcset=\"https:\/\/i2.wp.com\/legardemanger01.fr\/wp-content\/uploads\/2024\/03\/sandwich-1-legardemanger-01-461x1024.jpg?strip=info&#038;w=600&#038;ssl=1 600w,https:\/\/i2.wp.com\/legardemanger01.fr\/wp-content\/uploads\/2024\/03\/sandwich-1-legardemanger-01-461x1024.jpg?strip=info&#038;w=900&#038;ssl=1 900w,https:\/\/i2.wp.com\/legardemanger01.fr\/wp-content\/uploads\/2024\/03\/sandwich-1-legardemanger-01-461x1024.jpg?strip=info&#038;w=1153&#038;ssl=1 1153w\" alt=\"Food Truck Rhone Alpes Ain le garde manger\" data-height=\"2560\" data-id=\"1064\" data-link=\"https:\/\/legardemanger01.fr\/index.php\/galerie-food-truck-prestation\/sandwich-1-legardemanger-01\/\" data-url=\"https:\/\/legardemanger01.fr\/wp-content\/uploads\/2024\/03\/sandwich-1-legardemanger-01-461x1024.jpg\" data-width=\"1153\" src=\"https:\/\/i2.wp.com\/legardemanger01.fr\/wp-content\/uploads\/2024\/03\/sandwich-1-legardemanger-01-461x1024.jpg?ssl=1\" data-amp-layout=\"responsive\" tabindex=\"0\" role=\"button\" aria-label=\"Ouvrir l\u2019image 15 sur 58 en plein \u00e9cran\"\/><\/a><\/figure><\/div><div class=\"tiled-gallery__col\" style=\"flex-basis:24.24028%\"><figure class=\"tiled-gallery__item\"><a href=\"https:\/\/legardemanger01.fr\/wp-content\/uploads\/2024\/03\/bagel-1-legardemanger-01-756x1024.jpg\"><img decoding=\"async\" srcset=\"https:\/\/i0.wp.com\/legardemanger01.fr\/wp-content\/uploads\/2024\/03\/bagel-1-legardemanger-01-756x1024.jpg?strip=info&#038;w=600&#038;ssl=1 600w,https:\/\/i0.wp.com\/legardemanger01.fr\/wp-content\/uploads\/2024\/03\/bagel-1-legardemanger-01-756x1024.jpg?strip=info&#038;w=900&#038;ssl=1 900w,https:\/\/i0.wp.com\/legardemanger01.fr\/wp-content\/uploads\/2024\/03\/bagel-1-legardemanger-01-756x1024.jpg?strip=info&#038;w=1200&#038;ssl=1 1200w,https:\/\/i0.wp.com\/legardemanger01.fr\/wp-content\/uploads\/2024\/03\/bagel-1-legardemanger-01-756x1024.jpg?strip=info&#038;w=1500&#038;ssl=1 1500w,https:\/\/i0.wp.com\/legardemanger01.fr\/wp-content\/uploads\/2024\/03\/bagel-1-legardemanger-01-756x1024.jpg?strip=info&#038;w=1800&#038;ssl=1 1800w,https:\/\/i0.wp.com\/legardemanger01.fr\/wp-content\/uploads\/2024\/03\/bagel-1-legardemanger-01-756x1024.jpg?strip=info&#038;w=1889&#038;ssl=1 1889w\" alt=\"Food Truck Rhone Alpes Ain le garde manger\" data-height=\"2560\" data-id=\"1056\" data-link=\"https:\/\/legardemanger01.fr\/index.php\/galerie-food-truck-prestation\/bagel-1-legardemanger-01\/\" data-url=\"https:\/\/legardemanger01.fr\/wp-content\/uploads\/2024\/03\/bagel-1-legardemanger-01-756x1024.jpg\" data-width=\"1889\" src=\"https:\/\/i0.wp.com\/legardemanger01.fr\/wp-content\/uploads\/2024\/03\/bagel-1-legardemanger-01-756x1024.jpg?ssl=1\" data-amp-layout=\"responsive\" tabindex=\"0\" role=\"button\" aria-label=\"Ouvrir l\u2019image 16 sur 58 en plein \u00e9cran\"\/><\/a><\/figure><\/div><div class=\"tiled-gallery__col\" style=\"flex-basis:20.04739%\"><figure class=\"tiled-gallery__item\"><a href=\"https:\/\/legardemanger01.fr\/wp-content\/uploads\/2024\/03\/macaron-1-legardemanger-01-625x1024.jpg\"><img decoding=\"async\" srcset=\"https:\/\/i2.wp.com\/legardemanger01.fr\/wp-content\/uploads\/2024\/03\/macaron-1-legardemanger-01-625x1024.jpg?strip=info&#038;w=600&#038;ssl=1 600w,https:\/\/i2.wp.com\/legardemanger01.fr\/wp-content\/uploads\/2024\/03\/macaron-1-legardemanger-01-625x1024.jpg?strip=info&#038;w=900&#038;ssl=1 900w,https:\/\/i2.wp.com\/legardemanger01.fr\/wp-content\/uploads\/2024\/03\/macaron-1-legardemanger-01-625x1024.jpg?strip=info&#038;w=1200&#038;ssl=1 1200w,https:\/\/i2.wp.com\/legardemanger01.fr\/wp-content\/uploads\/2024\/03\/macaron-1-legardemanger-01-625x1024.jpg?strip=info&#038;w=1500&#038;ssl=1 1500w,https:\/\/i2.wp.com\/legardemanger01.fr\/wp-content\/uploads\/2024\/03\/macaron-1-legardemanger-01-625x1024.jpg?strip=info&#038;w=1561&#038;ssl=1 1561w\" alt=\"Food Truck Rhone Alpes Ain le garde manger\" data-height=\"2560\" data-id=\"1061\" data-link=\"https:\/\/legardemanger01.fr\/index.php\/galerie-food-truck-prestation\/macaron-1-legardemanger-01\/\" data-url=\"https:\/\/legardemanger01.fr\/wp-content\/uploads\/2024\/03\/macaron-1-legardemanger-01-625x1024.jpg\" data-width=\"1561\" src=\"https:\/\/i2.wp.com\/legardemanger01.fr\/wp-content\/uploads\/2024\/03\/macaron-1-legardemanger-01-625x1024.jpg?ssl=1\" data-amp-layout=\"responsive\" tabindex=\"0\" role=\"button\" aria-label=\"Ouvrir l\u2019image 17 sur 58 en plein \u00e9cran\"\/><\/a><\/figure><\/div><div class=\"tiled-gallery__col\" style=\"flex-basis:40.88048%\"><figure class=\"tiled-gallery__item\"><a href=\"https:\/\/legardemanger01.fr\/wp-content\/uploads\/2024\/03\/bruschetta-2-legardemanger-01-1024x822.jpg\"><img decoding=\"async\" srcset=\"https:\/\/i1.wp.com\/legardemanger01.fr\/wp-content\/uploads\/2024\/03\/bruschetta-2-legardemanger-01-1024x822.jpg?strip=info&#038;w=600&#038;ssl=1 600w,https:\/\/i1.wp.com\/legardemanger01.fr\/wp-content\/uploads\/2024\/03\/bruschetta-2-legardemanger-01-1024x822.jpg?strip=info&#038;w=900&#038;ssl=1 900w,https:\/\/i1.wp.com\/legardemanger01.fr\/wp-content\/uploads\/2024\/03\/bruschetta-2-legardemanger-01-1024x822.jpg?strip=info&#038;w=1200&#038;ssl=1 1200w,https:\/\/i1.wp.com\/legardemanger01.fr\/wp-content\/uploads\/2024\/03\/bruschetta-2-legardemanger-01-1024x822.jpg?strip=info&#038;w=1500&#038;ssl=1 1500w,https:\/\/i1.wp.com\/legardemanger01.fr\/wp-content\/uploads\/2024\/03\/bruschetta-2-legardemanger-01-1024x822.jpg?strip=info&#038;w=1800&#038;ssl=1 1800w,https:\/\/i1.wp.com\/legardemanger01.fr\/wp-content\/uploads\/2024\/03\/bruschetta-2-legardemanger-01-1024x822.jpg?strip=info&#038;w=2000&#038;ssl=1 2000w\" alt=\"Food Truck Rhone Alpes Ain le garde manger\" data-height=\"1656\" data-id=\"1058\" data-link=\"https:\/\/legardemanger01.fr\/index.php\/galerie-food-truck-prestation\/bruschetta-2-legardemanger-01\/\" data-url=\"https:\/\/legardemanger01.fr\/wp-content\/uploads\/2024\/03\/bruschetta-2-legardemanger-01-1024x822.jpg\" data-width=\"2064\" src=\"https:\/\/i1.wp.com\/legardemanger01.fr\/wp-content\/uploads\/2024\/03\/bruschetta-2-legardemanger-01-1024x822.jpg?ssl=1\" data-amp-layout=\"responsive\" tabindex=\"0\" role=\"button\" aria-label=\"Ouvrir l\u2019image 18 sur 58 en plein \u00e9cran\"\/><\/a><\/figure><\/div><\/div><div class=\"tiled-gallery__row\"><div class=\"tiled-gallery__col\" style=\"flex-basis:36.54919%\"><figure class=\"tiled-gallery__item\"><a href=\"https:\/\/legardemanger01.fr\/wp-content\/uploads\/2024\/03\/bruschetta-1-legardemanger-01-723x1024.jpg\"><img decoding=\"async\" srcset=\"https:\/\/i1.wp.com\/legardemanger01.fr\/wp-content\/uploads\/2024\/03\/bruschetta-1-legardemanger-01-723x1024.jpg?strip=info&#038;w=600&#038;ssl=1 600w,https:\/\/i1.wp.com\/legardemanger01.fr\/wp-content\/uploads\/2024\/03\/bruschetta-1-legardemanger-01-723x1024.jpg?strip=info&#038;w=900&#038;ssl=1 900w,https:\/\/i1.wp.com\/legardemanger01.fr\/wp-content\/uploads\/2024\/03\/bruschetta-1-legardemanger-01-723x1024.jpg?strip=info&#038;w=1200&#038;ssl=1 1200w,https:\/\/i1.wp.com\/legardemanger01.fr\/wp-content\/uploads\/2024\/03\/bruschetta-1-legardemanger-01-723x1024.jpg?strip=info&#038;w=1500&#038;ssl=1 1500w,https:\/\/i1.wp.com\/legardemanger01.fr\/wp-content\/uploads\/2024\/03\/bruschetta-1-legardemanger-01-723x1024.jpg?strip=info&#038;w=1800&#038;ssl=1 1800w,https:\/\/i1.wp.com\/legardemanger01.fr\/wp-content\/uploads\/2024\/03\/bruschetta-1-legardemanger-01-723x1024.jpg?strip=info&#038;w=1807&#038;ssl=1 1807w\" alt=\"Food Truck Rhone Alpes Ain le garde manger\" data-height=\"2560\" data-id=\"1057\" data-link=\"https:\/\/legardemanger01.fr\/index.php\/galerie-food-truck-prestation\/bruschetta-1-legardemanger-01\/\" data-url=\"https:\/\/legardemanger01.fr\/wp-content\/uploads\/2024\/03\/bruschetta-1-legardemanger-01-723x1024.jpg\" data-width=\"1807\" src=\"https:\/\/i1.wp.com\/legardemanger01.fr\/wp-content\/uploads\/2024\/03\/bruschetta-1-legardemanger-01-723x1024.jpg?ssl=1\" data-amp-layout=\"responsive\" tabindex=\"0\" role=\"button\" aria-label=\"Ouvrir l\u2019image 19 sur 58 en plein \u00e9cran\"\/><\/a><\/figure><\/div><div class=\"tiled-gallery__col\" style=\"flex-basis:23.02643%\"><figure class=\"tiled-gallery__item\"><a href=\"https:\/\/legardemanger01.fr\/wp-content\/uploads\/2024\/03\/verrine-ananas-1-legardemanger-01-455x1024.jpg\"><img decoding=\"async\" srcset=\"https:\/\/i1.wp.com\/legardemanger01.fr\/wp-content\/uploads\/2024\/03\/verrine-ananas-1-legardemanger-01-455x1024.jpg?strip=info&#038;w=600&#038;ssl=1 600w,https:\/\/i1.wp.com\/legardemanger01.fr\/wp-content\/uploads\/2024\/03\/verrine-ananas-1-legardemanger-01-455x1024.jpg?strip=info&#038;w=900&#038;ssl=1 900w,https:\/\/i1.wp.com\/legardemanger01.fr\/wp-content\/uploads\/2024\/03\/verrine-ananas-1-legardemanger-01-455x1024.jpg?strip=info&#038;w=1137&#038;ssl=1 1137w\" alt=\"Food Truck Rhone Alpes Ain le garde manger\" data-height=\"2560\" data-id=\"1066\" data-link=\"https:\/\/legardemanger01.fr\/index.php\/galerie-food-truck-prestation\/verrine-ananas-1-legardemanger-01\/\" data-url=\"https:\/\/legardemanger01.fr\/wp-content\/uploads\/2024\/03\/verrine-ananas-1-legardemanger-01-455x1024.jpg\" data-width=\"1137\" src=\"https:\/\/i1.wp.com\/legardemanger01.fr\/wp-content\/uploads\/2024\/03\/verrine-ananas-1-legardemanger-01-455x1024.jpg?ssl=1\" data-amp-layout=\"responsive\" tabindex=\"0\" role=\"button\" aria-label=\"Ouvrir l\u2019image 20 sur 58 en plein \u00e9cran\"\/><\/a><\/figure><\/div><div class=\"tiled-gallery__col\" style=\"flex-basis:40.42437%\"><figure class=\"tiled-gallery__item\"><a href=\"https:\/\/legardemanger01.fr\/wp-content\/uploads\/2023\/11\/legardemanger23-800x1024.jpg\"><img decoding=\"async\" srcset=\"https:\/\/i1.wp.com\/legardemanger01.fr\/wp-content\/uploads\/2023\/11\/legardemanger23-800x1024.jpg?strip=info&#038;w=600&#038;ssl=1 600w,https:\/\/i1.wp.com\/legardemanger01.fr\/wp-content\/uploads\/2023\/11\/legardemanger23-800x1024.jpg?strip=info&#038;w=900&#038;ssl=1 900w,https:\/\/i1.wp.com\/legardemanger01.fr\/wp-content\/uploads\/2023\/11\/legardemanger23-800x1024.jpg?strip=info&#038;w=1200&#038;ssl=1 1200w,https:\/\/i1.wp.com\/legardemanger01.fr\/wp-content\/uploads\/2023\/11\/legardemanger23-800x1024.jpg?strip=info&#038;w=1500&#038;ssl=1 1500w,https:\/\/i1.wp.com\/legardemanger01.fr\/wp-content\/uploads\/2023\/11\/legardemanger23-800x1024.jpg?strip=info&#038;w=1800&#038;ssl=1 1800w,https:\/\/i1.wp.com\/legardemanger01.fr\/wp-content\/uploads\/2023\/11\/legardemanger23-800x1024.jpg?strip=info&#038;w=1999&#038;ssl=1 1999w\" alt=\"Food Truck Rhone Alpes Ain le garde manger\" data-height=\"2560\" data-id=\"679\" data-link=\"https:\/\/legardemanger01.fr\/index.php\/galerie-food-truck-prestation\/legardemanger23\/\" data-url=\"https:\/\/legardemanger01.fr\/wp-content\/uploads\/2023\/11\/legardemanger23-800x1024.jpg\" data-width=\"1999\" src=\"https:\/\/i1.wp.com\/legardemanger01.fr\/wp-content\/uploads\/2023\/11\/legardemanger23-800x1024.jpg?ssl=1\" data-amp-layout=\"responsive\" tabindex=\"0\" role=\"button\" aria-label=\"Ouvrir l\u2019image 21 sur 58 en plein \u00e9cran\"\/><\/a><\/figure><\/div><\/div><div class=\"tiled-gallery__row\"><div class=\"tiled-gallery__col\" style=\"flex-basis:28.18368%\"><figure class=\"tiled-gallery__item\"><a href=\"https:\/\/legardemanger01.fr\/wp-content\/uploads\/2024\/03\/macaron-2-legardemanger-01-793x1024.jpg\"><img decoding=\"async\" srcset=\"https:\/\/i2.wp.com\/legardemanger01.fr\/wp-content\/uploads\/2024\/03\/macaron-2-legardemanger-01-793x1024.jpg?strip=info&#038;w=600&#038;ssl=1 600w,https:\/\/i2.wp.com\/legardemanger01.fr\/wp-content\/uploads\/2024\/03\/macaron-2-legardemanger-01-793x1024.jpg?strip=info&#038;w=900&#038;ssl=1 900w,https:\/\/i2.wp.com\/legardemanger01.fr\/wp-content\/uploads\/2024\/03\/macaron-2-legardemanger-01-793x1024.jpg?strip=info&#038;w=1200&#038;ssl=1 1200w,https:\/\/i2.wp.com\/legardemanger01.fr\/wp-content\/uploads\/2024\/03\/macaron-2-legardemanger-01-793x1024.jpg?strip=info&#038;w=1500&#038;ssl=1 1500w,https:\/\/i2.wp.com\/legardemanger01.fr\/wp-content\/uploads\/2024\/03\/macaron-2-legardemanger-01-793x1024.jpg?strip=info&#038;w=1800&#038;ssl=1 1800w,https:\/\/i2.wp.com\/legardemanger01.fr\/wp-content\/uploads\/2024\/03\/macaron-2-legardemanger-01-793x1024.jpg?strip=info&#038;w=1896&#038;ssl=1 1896w\" alt=\"Food Truck Rhone Alpes Ain le garde manger\" data-height=\"2448\" data-id=\"1062\" data-link=\"https:\/\/legardemanger01.fr\/index.php\/galerie-food-truck-prestation\/macaron-2-legardemanger-01\/\" data-url=\"https:\/\/legardemanger01.fr\/wp-content\/uploads\/2024\/03\/macaron-2-legardemanger-01-793x1024.jpg\" data-width=\"1896\" src=\"https:\/\/i2.wp.com\/legardemanger01.fr\/wp-content\/uploads\/2024\/03\/macaron-2-legardemanger-01-793x1024.jpg?ssl=1\" data-amp-layout=\"responsive\" tabindex=\"0\" role=\"button\" aria-label=\"Ouvrir l\u2019image 22 sur 58 en plein \u00e9cran\"\/><\/a><\/figure><\/div><div class=\"tiled-gallery__col\" style=\"flex-basis:31.64060%\"><figure class=\"tiled-gallery__item\"><a href=\"https:\/\/legardemanger01.fr\/wp-content\/uploads\/2024\/03\/wrap-2-legardemanger-01-891x1024.jpg\"><img decoding=\"async\" srcset=\"https:\/\/i2.wp.com\/legardemanger01.fr\/wp-content\/uploads\/2024\/03\/wrap-2-legardemanger-01-891x1024.jpg?strip=info&#038;w=600&#038;ssl=1 600w,https:\/\/i2.wp.com\/legardemanger01.fr\/wp-content\/uploads\/2024\/03\/wrap-2-legardemanger-01-891x1024.jpg?strip=info&#038;w=900&#038;ssl=1 900w,https:\/\/i2.wp.com\/legardemanger01.fr\/wp-content\/uploads\/2024\/03\/wrap-2-legardemanger-01-891x1024.jpg?strip=info&#038;w=1200&#038;ssl=1 1200w,https:\/\/i2.wp.com\/legardemanger01.fr\/wp-content\/uploads\/2024\/03\/wrap-2-legardemanger-01-891x1024.jpg?strip=info&#038;w=1500&#038;ssl=1 1500w,https:\/\/i2.wp.com\/legardemanger01.fr\/wp-content\/uploads\/2024\/03\/wrap-2-legardemanger-01-891x1024.jpg?strip=info&#038;w=1800&#038;ssl=1 1800w,https:\/\/i2.wp.com\/legardemanger01.fr\/wp-content\/uploads\/2024\/03\/wrap-2-legardemanger-01-891x1024.jpg?strip=info&#038;w=2000&#038;ssl=1 2000w\" alt=\"Food Truck Rhone Alpes Ain le garde manger\" data-height=\"2304\" data-id=\"1068\" data-link=\"https:\/\/legardemanger01.fr\/index.php\/galerie-food-truck-prestation\/wrap-2-legardemanger-01\/\" data-url=\"https:\/\/legardemanger01.fr\/wp-content\/uploads\/2024\/03\/wrap-2-legardemanger-01-891x1024.jpg\" data-width=\"2004\" src=\"https:\/\/i2.wp.com\/legardemanger01.fr\/wp-content\/uploads\/2024\/03\/wrap-2-legardemanger-01-891x1024.jpg?ssl=1\" data-amp-layout=\"responsive\" tabindex=\"0\" role=\"button\" aria-label=\"Ouvrir l\u2019image 23 sur 58 en plein \u00e9cran\"\/><\/a><\/figure><\/div><div class=\"tiled-gallery__col\" style=\"flex-basis:21.38462%\"><figure class=\"tiled-gallery__item\"><a href=\"https:\/\/legardemanger01.fr\/wp-content\/uploads\/2024\/03\/wrap-1-legardemanger-01-601x1024.jpg\"><img decoding=\"async\" srcset=\"https:\/\/i0.wp.com\/legardemanger01.fr\/wp-content\/uploads\/2024\/03\/wrap-1-legardemanger-01-601x1024.jpg?strip=info&#038;w=600&#038;ssl=1 600w,https:\/\/i0.wp.com\/legardemanger01.fr\/wp-content\/uploads\/2024\/03\/wrap-1-legardemanger-01-601x1024.jpg?strip=info&#038;w=900&#038;ssl=1 900w,https:\/\/i0.wp.com\/legardemanger01.fr\/wp-content\/uploads\/2024\/03\/wrap-1-legardemanger-01-601x1024.jpg?strip=info&#038;w=1200&#038;ssl=1 1200w,https:\/\/i0.wp.com\/legardemanger01.fr\/wp-content\/uploads\/2024\/03\/wrap-1-legardemanger-01-601x1024.jpg?strip=info&#038;w=1500&#038;ssl=1 1500w,https:\/\/i0.wp.com\/legardemanger01.fr\/wp-content\/uploads\/2024\/03\/wrap-1-legardemanger-01-601x1024.jpg?strip=info&#038;w=1503&#038;ssl=1 1503w\" alt=\"Food Truck Rhone Alpes Ain le garde manger\" data-height=\"2560\" data-id=\"1067\" data-link=\"https:\/\/legardemanger01.fr\/index.php\/galerie-food-truck-prestation\/wrap-1-legardemanger-01\/\" data-url=\"https:\/\/legardemanger01.fr\/wp-content\/uploads\/2024\/03\/wrap-1-legardemanger-01-601x1024.jpg\" data-width=\"1503\" src=\"https:\/\/i0.wp.com\/legardemanger01.fr\/wp-content\/uploads\/2024\/03\/wrap-1-legardemanger-01-601x1024.jpg?ssl=1\" data-amp-layout=\"responsive\" tabindex=\"0\" role=\"button\" aria-label=\"Ouvrir l\u2019image 24 sur 58 en plein \u00e9cran\"\/><\/a><\/figure><\/div><div class=\"tiled-gallery__col\" style=\"flex-basis:18.79110%\"><figure class=\"tiled-gallery__item\"><a href=\"https:\/\/legardemanger01.fr\/wp-content\/uploads\/2023\/09\/legardemanger-food-truck-brochette1-528x1024.jpg\"><img decoding=\"async\" srcset=\"https:\/\/i0.wp.com\/legardemanger01.fr\/wp-content\/uploads\/2023\/09\/legardemanger-food-truck-brochette1-528x1024.jpg?strip=info&#038;w=600&#038;ssl=1 600w,https:\/\/i0.wp.com\/legardemanger01.fr\/wp-content\/uploads\/2023\/09\/legardemanger-food-truck-brochette1-528x1024.jpg?strip=info&#038;w=900&#038;ssl=1 900w,https:\/\/i0.wp.com\/legardemanger01.fr\/wp-content\/uploads\/2023\/09\/legardemanger-food-truck-brochette1-528x1024.jpg?strip=info&#038;w=1200&#038;ssl=1 1200w,https:\/\/i0.wp.com\/legardemanger01.fr\/wp-content\/uploads\/2023\/09\/legardemanger-food-truck-brochette1-528x1024.jpg?strip=info&#038;w=1320&#038;ssl=1 1320w\" alt=\"Food Truck Rhone Alpes Ain le garde manger\" data-height=\"2560\" data-id=\"584\" data-link=\"https:\/\/legardemanger01.fr\/index.php\/galerie-food-truck-prestation\/legardemanger-food-truck-brochette1\/\" data-url=\"https:\/\/legardemanger01.fr\/wp-content\/uploads\/2023\/09\/legardemanger-food-truck-brochette1-528x1024.jpg\" data-width=\"1320\" src=\"https:\/\/i0.wp.com\/legardemanger01.fr\/wp-content\/uploads\/2023\/09\/legardemanger-food-truck-brochette1-528x1024.jpg?ssl=1\" data-amp-layout=\"responsive\" tabindex=\"0\" role=\"button\" aria-label=\"Ouvrir l\u2019image 25 sur 58 en plein \u00e9cran\"\/><\/a><\/figure><\/div><\/div><div class=\"tiled-gallery__row\"><div class=\"tiled-gallery__col\" style=\"flex-basis:100.00000%\"><figure class=\"tiled-gallery__item\"><a href=\"https:\/\/legardemanger01.fr\/wp-content\/uploads\/2023\/10\/legardemanger12-1024x410.jpg\"><img decoding=\"async\" srcset=\"https:\/\/i0.wp.com\/legardemanger01.fr\/wp-content\/uploads\/2023\/10\/legardemanger12-1024x410.jpg?strip=info&#038;w=600&#038;ssl=1 600w,https:\/\/i0.wp.com\/legardemanger01.fr\/wp-content\/uploads\/2023\/10\/legardemanger12-1024x410.jpg?strip=info&#038;w=900&#038;ssl=1 900w,https:\/\/i0.wp.com\/legardemanger01.fr\/wp-content\/uploads\/2023\/10\/legardemanger12-1024x410.jpg?strip=info&#038;w=1200&#038;ssl=1 1200w,https:\/\/i0.wp.com\/legardemanger01.fr\/wp-content\/uploads\/2023\/10\/legardemanger12-1024x410.jpg?strip=info&#038;w=1500&#038;ssl=1 1500w,https:\/\/i0.wp.com\/legardemanger01.fr\/wp-content\/uploads\/2023\/10\/legardemanger12-1024x410.jpg?strip=info&#038;w=1800&#038;ssl=1 1800w,https:\/\/i0.wp.com\/legardemanger01.fr\/wp-content\/uploads\/2023\/10\/legardemanger12-1024x410.jpg?strip=info&#038;w=2000&#038;ssl=1 2000w\" alt=\"Food Truck Rhone Alpes Ain le garde manger\" data-height=\"1024\" data-id=\"630\" data-link=\"https:\/\/legardemanger01.fr\/index.php\/galerie-food-truck-prestation\/legardemanger12\/\" data-url=\"https:\/\/legardemanger01.fr\/wp-content\/uploads\/2023\/10\/legardemanger12-1024x410.jpg\" data-width=\"2560\" src=\"https:\/\/i0.wp.com\/legardemanger01.fr\/wp-content\/uploads\/2023\/10\/legardemanger12-1024x410.jpg?ssl=1\" data-amp-layout=\"responsive\" tabindex=\"0\" role=\"button\" aria-label=\"Ouvrir l\u2019image 26 sur 58 en plein \u00e9cran\"\/><\/a><\/figure><\/div><\/div><div class=\"tiled-gallery__row\"><div class=\"tiled-gallery__col\" style=\"flex-basis:48.98735%\"><figure class=\"tiled-gallery__item\"><a href=\"https:\/\/legardemanger01.fr\/wp-content\/uploads\/2023\/10\/legardemanger-2-6-576x1024.jpg\"><img decoding=\"async\" srcset=\"https:\/\/i2.wp.com\/legardemanger01.fr\/wp-content\/uploads\/2023\/10\/legardemanger-2-6-576x1024.jpg?strip=info&#038;w=600&#038;ssl=1 600w,https:\/\/i2.wp.com\/legardemanger01.fr\/wp-content\/uploads\/2023\/10\/legardemanger-2-6-576x1024.jpg?strip=info&#038;w=900&#038;ssl=1 900w,https:\/\/i2.wp.com\/legardemanger01.fr\/wp-content\/uploads\/2023\/10\/legardemanger-2-6-576x1024.jpg?strip=info&#038;w=1200&#038;ssl=1 1200w,https:\/\/i2.wp.com\/legardemanger01.fr\/wp-content\/uploads\/2023\/10\/legardemanger-2-6-576x1024.jpg?strip=info&#038;w=1440&#038;ssl=1 1440w\" alt=\"Food Truck Rhone Alpes Ain le garde manger\" data-height=\"2560\" data-id=\"619\" data-link=\"https:\/\/legardemanger01.fr\/index.php\/galerie-food-truck-prestation\/legardemanger-2-6\/\" data-url=\"https:\/\/legardemanger01.fr\/wp-content\/uploads\/2023\/10\/legardemanger-2-6-576x1024.jpg\" data-width=\"1440\" src=\"https:\/\/i2.wp.com\/legardemanger01.fr\/wp-content\/uploads\/2023\/10\/legardemanger-2-6-576x1024.jpg?ssl=1\" data-amp-layout=\"responsive\" tabindex=\"0\" role=\"button\" aria-label=\"Ouvrir l\u2019image 27 sur 58 en plein \u00e9cran\"\/><\/a><\/figure><\/div><div class=\"tiled-gallery__col\" style=\"flex-basis:51.01265%\"><figure class=\"tiled-gallery__item\"><a href=\"https:\/\/legardemanger01.fr\/wp-content\/uploads\/2023\/11\/legardemanger20-1024x576.jpg\"><img decoding=\"async\" srcset=\"https:\/\/i2.wp.com\/legardemanger01.fr\/wp-content\/uploads\/2023\/11\/legardemanger20-1024x576.jpg?strip=info&#038;w=600&#038;ssl=1 600w,https:\/\/i2.wp.com\/legardemanger01.fr\/wp-content\/uploads\/2023\/11\/legardemanger20-1024x576.jpg?strip=info&#038;w=900&#038;ssl=1 900w,https:\/\/i2.wp.com\/legardemanger01.fr\/wp-content\/uploads\/2023\/11\/legardemanger20-1024x576.jpg?strip=info&#038;w=1200&#038;ssl=1 1200w,https:\/\/i2.wp.com\/legardemanger01.fr\/wp-content\/uploads\/2023\/11\/legardemanger20-1024x576.jpg?strip=info&#038;w=1500&#038;ssl=1 1500w,https:\/\/i2.wp.com\/legardemanger01.fr\/wp-content\/uploads\/2023\/11\/legardemanger20-1024x576.jpg?strip=info&#038;w=1800&#038;ssl=1 1800w,https:\/\/i2.wp.com\/legardemanger01.fr\/wp-content\/uploads\/2023\/11\/legardemanger20-1024x576.jpg?strip=info&#038;w=2000&#038;ssl=1 2000w\" alt=\"Food Truck Rhone Alpes Ain le garde manger\" data-height=\"1440\" data-id=\"676\" data-link=\"https:\/\/legardemanger01.fr\/index.php\/galerie-food-truck-prestation\/legardemanger20\/\" data-url=\"https:\/\/legardemanger01.fr\/wp-content\/uploads\/2023\/11\/legardemanger20-1024x576.jpg\" data-width=\"2560\" src=\"https:\/\/i2.wp.com\/legardemanger01.fr\/wp-content\/uploads\/2023\/11\/legardemanger20-1024x576.jpg?ssl=1\" data-amp-layout=\"responsive\" tabindex=\"0\" role=\"button\" aria-label=\"Ouvrir l\u2019image 28 sur 58 en plein \u00e9cran\"\/><\/a><\/figure><figure class=\"tiled-gallery__item\"><a href=\"https:\/\/legardemanger01.fr\/wp-content\/uploads\/2023\/11\/legardemanger18-1024x576.jpg\"><img decoding=\"async\" srcset=\"https:\/\/i0.wp.com\/legardemanger01.fr\/wp-content\/uploads\/2023\/11\/legardemanger18-1024x576.jpg?strip=info&#038;w=600&#038;ssl=1 600w,https:\/\/i0.wp.com\/legardemanger01.fr\/wp-content\/uploads\/2023\/11\/legardemanger18-1024x576.jpg?strip=info&#038;w=900&#038;ssl=1 900w,https:\/\/i0.wp.com\/legardemanger01.fr\/wp-content\/uploads\/2023\/11\/legardemanger18-1024x576.jpg?strip=info&#038;w=1200&#038;ssl=1 1200w,https:\/\/i0.wp.com\/legardemanger01.fr\/wp-content\/uploads\/2023\/11\/legardemanger18-1024x576.jpg?strip=info&#038;w=1500&#038;ssl=1 1500w,https:\/\/i0.wp.com\/legardemanger01.fr\/wp-content\/uploads\/2023\/11\/legardemanger18-1024x576.jpg?strip=info&#038;w=1800&#038;ssl=1 1800w,https:\/\/i0.wp.com\/legardemanger01.fr\/wp-content\/uploads\/2023\/11\/legardemanger18-1024x576.jpg?strip=info&#038;w=2000&#038;ssl=1 2000w\" alt=\"Food Truck Rhone Alpes Ain le garde manger\" data-height=\"1440\" data-id=\"675\" data-link=\"https:\/\/legardemanger01.fr\/index.php\/galerie-food-truck-prestation\/legardemanger18\/\" data-url=\"https:\/\/legardemanger01.fr\/wp-content\/uploads\/2023\/11\/legardemanger18-1024x576.jpg\" data-width=\"2560\" src=\"https:\/\/i0.wp.com\/legardemanger01.fr\/wp-content\/uploads\/2023\/11\/legardemanger18-1024x576.jpg?ssl=1\" data-amp-layout=\"responsive\" tabindex=\"0\" role=\"button\" aria-label=\"Ouvrir l\u2019image 29 sur 58 en plein \u00e9cran\"\/><\/a><\/figure><figure class=\"tiled-gallery__item\"><a href=\"https:\/\/legardemanger01.fr\/wp-content\/uploads\/2023\/11\/legardemanger21-1024x576.jpg\"><img decoding=\"async\" srcset=\"https:\/\/i2.wp.com\/legardemanger01.fr\/wp-content\/uploads\/2023\/11\/legardemanger21-1024x576.jpg?strip=info&#038;w=600&#038;ssl=1 600w,https:\/\/i2.wp.com\/legardemanger01.fr\/wp-content\/uploads\/2023\/11\/legardemanger21-1024x576.jpg?strip=info&#038;w=900&#038;ssl=1 900w,https:\/\/i2.wp.com\/legardemanger01.fr\/wp-content\/uploads\/2023\/11\/legardemanger21-1024x576.jpg?strip=info&#038;w=1200&#038;ssl=1 1200w,https:\/\/i2.wp.com\/legardemanger01.fr\/wp-content\/uploads\/2023\/11\/legardemanger21-1024x576.jpg?strip=info&#038;w=1500&#038;ssl=1 1500w,https:\/\/i2.wp.com\/legardemanger01.fr\/wp-content\/uploads\/2023\/11\/legardemanger21-1024x576.jpg?strip=info&#038;w=1800&#038;ssl=1 1800w,https:\/\/i2.wp.com\/legardemanger01.fr\/wp-content\/uploads\/2023\/11\/legardemanger21-1024x576.jpg?strip=info&#038;w=2000&#038;ssl=1 2000w\" alt=\"Food Truck Rhone Alpes Ain le garde manger\" data-height=\"1440\" data-id=\"677\" data-link=\"https:\/\/legardemanger01.fr\/index.php\/galerie-food-truck-prestation\/legardemanger21\/\" data-url=\"https:\/\/legardemanger01.fr\/wp-content\/uploads\/2023\/11\/legardemanger21-1024x576.jpg\" data-width=\"2560\" src=\"https:\/\/i2.wp.com\/legardemanger01.fr\/wp-content\/uploads\/2023\/11\/legardemanger21-1024x576.jpg?ssl=1\" data-amp-layout=\"responsive\" tabindex=\"0\" role=\"button\" aria-label=\"Ouvrir l\u2019image 30 sur 58 en plein \u00e9cran\"\/><\/a><\/figure><\/div><\/div><div class=\"tiled-gallery__row\"><div class=\"tiled-gallery__col\" style=\"flex-basis:51.25173%\"><figure class=\"tiled-gallery__item\"><a href=\"https:\/\/legardemanger01.fr\/wp-content\/uploads\/2023\/10\/legardemanger14.jpg\"><img decoding=\"async\" srcset=\"https:\/\/i0.wp.com\/legardemanger01.fr\/wp-content\/uploads\/2023\/10\/legardemanger14.jpg?strip=info&#038;w=490&#038;ssl=1 490w\" alt=\"Food Truck Rhone Alpes Ain le garde manger\" data-height=\"452\" data-id=\"632\" data-link=\"https:\/\/legardemanger01.fr\/index.php\/galerie-food-truck-prestation\/legardemanger14\/\" data-url=\"https:\/\/legardemanger01.fr\/wp-content\/uploads\/2023\/10\/legardemanger14.jpg\" data-width=\"490\" src=\"https:\/\/i0.wp.com\/legardemanger01.fr\/wp-content\/uploads\/2023\/10\/legardemanger14.jpg?ssl=1\" data-amp-layout=\"responsive\" tabindex=\"0\" role=\"button\" aria-label=\"Ouvrir l\u2019image 31 sur 58 en plein \u00e9cran\"\/><\/a><\/figure><figure class=\"tiled-gallery__item\"><a href=\"https:\/\/legardemanger01.fr\/wp-content\/uploads\/2024\/05\/Bar-detail-2-web-1024x777.jpg\"><img decoding=\"async\" srcset=\"https:\/\/i1.wp.com\/legardemanger01.fr\/wp-content\/uploads\/2024\/05\/Bar-detail-2-web-1024x777.jpg?strip=info&#038;w=600&#038;ssl=1 600w,https:\/\/i1.wp.com\/legardemanger01.fr\/wp-content\/uploads\/2024\/05\/Bar-detail-2-web-1024x777.jpg?strip=info&#038;w=900&#038;ssl=1 900w,https:\/\/i1.wp.com\/legardemanger01.fr\/wp-content\/uploads\/2024\/05\/Bar-detail-2-web-1024x777.jpg?strip=info&#038;w=1200&#038;ssl=1 1200w,https:\/\/i1.wp.com\/legardemanger01.fr\/wp-content\/uploads\/2024\/05\/Bar-detail-2-web-1024x777.jpg?strip=info&#038;w=1500&#038;ssl=1 1500w,https:\/\/i1.wp.com\/legardemanger01.fr\/wp-content\/uploads\/2024\/05\/Bar-detail-2-web-1024x777.jpg?strip=info&#038;w=1800&#038;ssl=1 1800w,https:\/\/i1.wp.com\/legardemanger01.fr\/wp-content\/uploads\/2024\/05\/Bar-detail-2-web-1024x777.jpg?strip=info&#038;w=2000&#038;ssl=1 2000w\" alt=\"Food Truck Rhone Alpes Ain le garde manger\" data-height=\"1942\" data-id=\"1076\" data-link=\"https:\/\/legardemanger01.fr\/index.php\/galerie-food-truck-prestation\/bar-detail-2-web\/\" data-url=\"https:\/\/legardemanger01.fr\/wp-content\/uploads\/2024\/05\/Bar-detail-2-web-1024x777.jpg\" data-width=\"2560\" src=\"https:\/\/i1.wp.com\/legardemanger01.fr\/wp-content\/uploads\/2024\/05\/Bar-detail-2-web-1024x777.jpg?ssl=1\" data-amp-layout=\"responsive\" tabindex=\"0\" role=\"button\" aria-label=\"Ouvrir l\u2019image 32 sur 58 en plein \u00e9cran\"\/><\/a><\/figure><\/div><div class=\"tiled-gallery__col\" style=\"flex-basis:48.74827%\"><figure class=\"tiled-gallery__item\"><a href=\"https:\/\/legardemanger01.fr\/wp-content\/uploads\/2023\/09\/legardemanger-food-truck-bar1-576x1024.jpg\"><img decoding=\"async\" srcset=\"https:\/\/i1.wp.com\/legardemanger01.fr\/wp-content\/uploads\/2023\/09\/legardemanger-food-truck-bar1-576x1024.jpg?strip=info&#038;w=600&#038;ssl=1 600w,https:\/\/i1.wp.com\/legardemanger01.fr\/wp-content\/uploads\/2023\/09\/legardemanger-food-truck-bar1-576x1024.jpg?strip=info&#038;w=900&#038;ssl=1 900w,https:\/\/i1.wp.com\/legardemanger01.fr\/wp-content\/uploads\/2023\/09\/legardemanger-food-truck-bar1-576x1024.jpg?strip=info&#038;w=1200&#038;ssl=1 1200w,https:\/\/i1.wp.com\/legardemanger01.fr\/wp-content\/uploads\/2023\/09\/legardemanger-food-truck-bar1-576x1024.jpg?strip=info&#038;w=1440&#038;ssl=1 1440w\" alt=\"Food Truck Rhone Alpes Ain le garde manger\" data-height=\"2560\" data-id=\"549\" data-link=\"https:\/\/legardemanger01.fr\/index.php\/galerie-food-truck-prestation\/legardemanger-food-truck-bar1\/\" data-url=\"https:\/\/legardemanger01.fr\/wp-content\/uploads\/2023\/09\/legardemanger-food-truck-bar1-576x1024.jpg\" data-width=\"1440\" src=\"https:\/\/i1.wp.com\/legardemanger01.fr\/wp-content\/uploads\/2023\/09\/legardemanger-food-truck-bar1-576x1024.jpg?ssl=1\" data-amp-layout=\"responsive\" tabindex=\"0\" role=\"button\" aria-label=\"Ouvrir l\u2019image 33 sur 58 en plein \u00e9cran\"\/><\/a><\/figure><\/div><\/div><div class=\"tiled-gallery__row\"><div class=\"tiled-gallery__col\" style=\"flex-basis:52.58544%\"><figure class=\"tiled-gallery__item\"><a href=\"https:\/\/legardemanger01.fr\/wp-content\/uploads\/2023\/10\/legardemanger13-683x1024.jpg\"><img decoding=\"async\" srcset=\"https:\/\/i0.wp.com\/legardemanger01.fr\/wp-content\/uploads\/2023\/10\/legardemanger13-683x1024.jpg?strip=info&#038;w=600&#038;ssl=1 600w,https:\/\/i0.wp.com\/legardemanger01.fr\/wp-content\/uploads\/2023\/10\/legardemanger13-683x1024.jpg?strip=info&#038;w=720&#038;ssl=1 720w\" alt=\"Food Truck Rhone Alpes Ain le garde manger\" data-height=\"1080\" data-id=\"631\" data-link=\"https:\/\/legardemanger01.fr\/index.php\/galerie-food-truck-prestation\/legardemanger13\/\" data-url=\"https:\/\/legardemanger01.fr\/wp-content\/uploads\/2023\/10\/legardemanger13-683x1024.jpg\" data-width=\"720\" src=\"https:\/\/i0.wp.com\/legardemanger01.fr\/wp-content\/uploads\/2023\/10\/legardemanger13-683x1024.jpg?ssl=1\" data-amp-layout=\"responsive\" tabindex=\"0\" role=\"button\" aria-label=\"Ouvrir l\u2019image 34 sur 58 en plein \u00e9cran\"\/><\/a><\/figure><\/div><div class=\"tiled-gallery__col\" style=\"flex-basis:47.41456%\"><figure class=\"tiled-gallery__item\"><a href=\"https:\/\/legardemanger01.fr\/wp-content\/uploads\/2023\/11\/legardemanger22-1024x609.jpg\"><img decoding=\"async\" srcset=\"https:\/\/i0.wp.com\/legardemanger01.fr\/wp-content\/uploads\/2023\/11\/legardemanger22-1024x609.jpg?strip=info&#038;w=600&#038;ssl=1 600w,https:\/\/i0.wp.com\/legardemanger01.fr\/wp-content\/uploads\/2023\/11\/legardemanger22-1024x609.jpg?strip=info&#038;w=900&#038;ssl=1 900w,https:\/\/i0.wp.com\/legardemanger01.fr\/wp-content\/uploads\/2023\/11\/legardemanger22-1024x609.jpg?strip=info&#038;w=1200&#038;ssl=1 1200w,https:\/\/i0.wp.com\/legardemanger01.fr\/wp-content\/uploads\/2023\/11\/legardemanger22-1024x609.jpg?strip=info&#038;w=1500&#038;ssl=1 1500w,https:\/\/i0.wp.com\/legardemanger01.fr\/wp-content\/uploads\/2023\/11\/legardemanger22-1024x609.jpg?strip=info&#038;w=1800&#038;ssl=1 1800w,https:\/\/i0.wp.com\/legardemanger01.fr\/wp-content\/uploads\/2023\/11\/legardemanger22-1024x609.jpg?strip=info&#038;w=2000&#038;ssl=1 2000w\" alt=\"Food Truck Rhone Alpes Ain le garde manger\" data-height=\"1523\" data-id=\"678\" data-link=\"https:\/\/legardemanger01.fr\/index.php\/galerie-food-truck-prestation\/legardemanger22\/\" data-url=\"https:\/\/legardemanger01.fr\/wp-content\/uploads\/2023\/11\/legardemanger22-1024x609.jpg\" data-width=\"2560\" src=\"https:\/\/i0.wp.com\/legardemanger01.fr\/wp-content\/uploads\/2023\/11\/legardemanger22-1024x609.jpg?ssl=1\" data-amp-layout=\"responsive\" tabindex=\"0\" role=\"button\" aria-label=\"Ouvrir l\u2019image 35 sur 58 en plein \u00e9cran\"\/><\/a><\/figure><figure class=\"tiled-gallery__item\"><a href=\"https:\/\/legardemanger01.fr\/wp-content\/uploads\/2023\/11\/legardemanger17-967x1024.jpg\"><img decoding=\"async\" srcset=\"https:\/\/i1.wp.com\/legardemanger01.fr\/wp-content\/uploads\/2023\/11\/legardemanger17-967x1024.jpg?strip=info&#038;w=600&#038;ssl=1 600w,https:\/\/i1.wp.com\/legardemanger01.fr\/wp-content\/uploads\/2023\/11\/legardemanger17-967x1024.jpg?strip=info&#038;w=900&#038;ssl=1 900w,https:\/\/i1.wp.com\/legardemanger01.fr\/wp-content\/uploads\/2023\/11\/legardemanger17-967x1024.jpg?strip=info&#038;w=1200&#038;ssl=1 1200w,https:\/\/i1.wp.com\/legardemanger01.fr\/wp-content\/uploads\/2023\/11\/legardemanger17-967x1024.jpg?strip=info&#038;w=1500&#038;ssl=1 1500w,https:\/\/i1.wp.com\/legardemanger01.fr\/wp-content\/uploads\/2023\/11\/legardemanger17-967x1024.jpg?strip=info&#038;w=1800&#038;ssl=1 1800w,https:\/\/i1.wp.com\/legardemanger01.fr\/wp-content\/uploads\/2023\/11\/legardemanger17-967x1024.jpg?strip=info&#038;w=2000&#038;ssl=1 2000w\" alt=\"Food Truck Rhone Alpes Ain le garde manger\" data-height=\"2268\" data-id=\"674\" data-link=\"https:\/\/legardemanger01.fr\/index.php\/galerie-food-truck-prestation\/legardemanger17\/\" data-url=\"https:\/\/legardemanger01.fr\/wp-content\/uploads\/2023\/11\/legardemanger17-967x1024.jpg\" data-width=\"2141\" src=\"https:\/\/i1.wp.com\/legardemanger01.fr\/wp-content\/uploads\/2023\/11\/legardemanger17-967x1024.jpg?ssl=1\" data-amp-layout=\"responsive\" tabindex=\"0\" role=\"button\" aria-label=\"Ouvrir l\u2019image 36 sur 58 en plein \u00e9cran\"\/><\/a><\/figure><\/div><\/div><div class=\"tiled-gallery__row\"><div class=\"tiled-gallery__col\" style=\"flex-basis:29.14886%\"><figure class=\"tiled-gallery__item\"><a href=\"https:\/\/legardemanger01.fr\/wp-content\/uploads\/2023\/10\/legardemanger-2-2-576x1024.jpg\"><img decoding=\"async\" srcset=\"https:\/\/i2.wp.com\/legardemanger01.fr\/wp-content\/uploads\/2023\/10\/legardemanger-2-2-576x1024.jpg?strip=info&#038;w=600&#038;ssl=1 600w,https:\/\/i2.wp.com\/legardemanger01.fr\/wp-content\/uploads\/2023\/10\/legardemanger-2-2-576x1024.jpg?strip=info&#038;w=900&#038;ssl=1 900w,https:\/\/i2.wp.com\/legardemanger01.fr\/wp-content\/uploads\/2023\/10\/legardemanger-2-2-576x1024.jpg?strip=info&#038;w=1200&#038;ssl=1 1200w,https:\/\/i2.wp.com\/legardemanger01.fr\/wp-content\/uploads\/2023\/10\/legardemanger-2-2-576x1024.jpg?strip=info&#038;w=1440&#038;ssl=1 1440w\" alt=\"Food Truck Rhone Alpes Ain le garde manger\" data-height=\"2560\" data-id=\"615\" data-link=\"https:\/\/legardemanger01.fr\/index.php\/galerie-food-truck-prestation\/legardemanger-2-2\/\" data-url=\"https:\/\/legardemanger01.fr\/wp-content\/uploads\/2023\/10\/legardemanger-2-2-576x1024.jpg\" data-width=\"1440\" src=\"https:\/\/i2.wp.com\/legardemanger01.fr\/wp-content\/uploads\/2023\/10\/legardemanger-2-2-576x1024.jpg?ssl=1\" data-amp-layout=\"responsive\" tabindex=\"0\" role=\"button\" aria-label=\"Ouvrir l\u2019image 37 sur 58 en plein \u00e9cran\"\/><\/a><\/figure><\/div><div class=\"tiled-gallery__col\" style=\"flex-basis:32.05426%\"><figure class=\"tiled-gallery__item\"><a href=\"https:\/\/legardemanger01.fr\/wp-content\/uploads\/2023\/11\/legardemanger16-1-1024x981.jpg\"><img decoding=\"async\" srcset=\"https:\/\/i2.wp.com\/legardemanger01.fr\/wp-content\/uploads\/2023\/11\/legardemanger16-1-1024x981.jpg?strip=info&#038;w=600&#038;ssl=1 600w,https:\/\/i2.wp.com\/legardemanger01.fr\/wp-content\/uploads\/2023\/11\/legardemanger16-1-1024x981.jpg?strip=info&#038;w=900&#038;ssl=1 900w,https:\/\/i2.wp.com\/legardemanger01.fr\/wp-content\/uploads\/2023\/11\/legardemanger16-1-1024x981.jpg?strip=info&#038;w=1200&#038;ssl=1 1200w,https:\/\/i2.wp.com\/legardemanger01.fr\/wp-content\/uploads\/2023\/11\/legardemanger16-1-1024x981.jpg?strip=info&#038;w=1500&#038;ssl=1 1500w,https:\/\/i2.wp.com\/legardemanger01.fr\/wp-content\/uploads\/2023\/11\/legardemanger16-1-1024x981.jpg?strip=info&#038;w=1800&#038;ssl=1 1800w,https:\/\/i2.wp.com\/legardemanger01.fr\/wp-content\/uploads\/2023\/11\/legardemanger16-1-1024x981.jpg?strip=info&#038;w=2000&#038;ssl=1 2000w\" alt=\"Food Truck Rhone Alpes Ain le garde manger\" data-height=\"2268\" data-id=\"682\" data-link=\"https:\/\/legardemanger01.fr\/index.php\/galerie-food-truck-prestation\/legardemanger16-2\/\" data-url=\"https:\/\/legardemanger01.fr\/wp-content\/uploads\/2023\/11\/legardemanger16-1-1024x981.jpg\" data-width=\"2367\" src=\"https:\/\/i2.wp.com\/legardemanger01.fr\/wp-content\/uploads\/2023\/11\/legardemanger16-1-1024x981.jpg?ssl=1\" data-amp-layout=\"responsive\" tabindex=\"0\" role=\"button\" aria-label=\"Ouvrir l\u2019image 38 sur 58 en plein \u00e9cran\"\/><\/a><\/figure><figure class=\"tiled-gallery__item\"><a href=\"https:\/\/legardemanger01.fr\/wp-content\/uploads\/2024\/05\/bar-1-web-1024x658.jpg\"><img decoding=\"async\" srcset=\"https:\/\/i0.wp.com\/legardemanger01.fr\/wp-content\/uploads\/2024\/05\/bar-1-web-1024x658.jpg?strip=info&#038;w=600&#038;ssl=1 600w,https:\/\/i0.wp.com\/legardemanger01.fr\/wp-content\/uploads\/2024\/05\/bar-1-web-1024x658.jpg?strip=info&#038;w=900&#038;ssl=1 900w,https:\/\/i0.wp.com\/legardemanger01.fr\/wp-content\/uploads\/2024\/05\/bar-1-web-1024x658.jpg?strip=info&#038;w=1200&#038;ssl=1 1200w,https:\/\/i0.wp.com\/legardemanger01.fr\/wp-content\/uploads\/2024\/05\/bar-1-web-1024x658.jpg?strip=info&#038;w=1500&#038;ssl=1 1500w,https:\/\/i0.wp.com\/legardemanger01.fr\/wp-content\/uploads\/2024\/05\/bar-1-web-1024x658.jpg?strip=info&#038;w=1800&#038;ssl=1 1800w,https:\/\/i0.wp.com\/legardemanger01.fr\/wp-content\/uploads\/2024\/05\/bar-1-web-1024x658.jpg?strip=info&#038;w=2000&#038;ssl=1 2000w\" alt=\"Food Truck Rhone Alpes Ain le garde manger\" data-height=\"1644\" data-id=\"1074\" data-link=\"https:\/\/legardemanger01.fr\/index.php\/galerie-food-truck-prestation\/bar-1-web\/\" data-url=\"https:\/\/legardemanger01.fr\/wp-content\/uploads\/2024\/05\/bar-1-web-1024x658.jpg\" data-width=\"2560\" src=\"https:\/\/i0.wp.com\/legardemanger01.fr\/wp-content\/uploads\/2024\/05\/bar-1-web-1024x658.jpg?ssl=1\" data-amp-layout=\"responsive\" tabindex=\"0\" role=\"button\" aria-label=\"Ouvrir l\u2019image 39 sur 58 en plein \u00e9cran\"\/><\/a><\/figure><\/div><div class=\"tiled-gallery__col\" style=\"flex-basis:38.79689%\"><figure class=\"tiled-gallery__item\"><a href=\"https:\/\/legardemanger01.fr\/wp-content\/uploads\/2024\/05\/Buffet-Soft-1-web-768x1024.jpg\"><img decoding=\"async\" srcset=\"https:\/\/i0.wp.com\/legardemanger01.fr\/wp-content\/uploads\/2024\/05\/Buffet-Soft-1-web-768x1024.jpg?strip=info&#038;w=600&#038;ssl=1 600w,https:\/\/i0.wp.com\/legardemanger01.fr\/wp-content\/uploads\/2024\/05\/Buffet-Soft-1-web-768x1024.jpg?strip=info&#038;w=900&#038;ssl=1 900w,https:\/\/i0.wp.com\/legardemanger01.fr\/wp-content\/uploads\/2024\/05\/Buffet-Soft-1-web-768x1024.jpg?strip=info&#038;w=1200&#038;ssl=1 1200w,https:\/\/i0.wp.com\/legardemanger01.fr\/wp-content\/uploads\/2024\/05\/Buffet-Soft-1-web-768x1024.jpg?strip=info&#038;w=1500&#038;ssl=1 1500w,https:\/\/i0.wp.com\/legardemanger01.fr\/wp-content\/uploads\/2024\/05\/Buffet-Soft-1-web-768x1024.jpg?strip=info&#038;w=1800&#038;ssl=1 1800w,https:\/\/i0.wp.com\/legardemanger01.fr\/wp-content\/uploads\/2024\/05\/Buffet-Soft-1-web-768x1024.jpg?strip=info&#038;w=1920&#038;ssl=1 1920w\" alt=\"Food Truck Rhone Alpes Ain le garde manger\" data-height=\"2560\" data-id=\"1081\" data-link=\"https:\/\/legardemanger01.fr\/index.php\/galerie-food-truck-prestation\/buffet-soft-1-web\/\" data-url=\"https:\/\/legardemanger01.fr\/wp-content\/uploads\/2024\/05\/Buffet-Soft-1-web-768x1024.jpg\" data-width=\"1920\" src=\"https:\/\/i0.wp.com\/legardemanger01.fr\/wp-content\/uploads\/2024\/05\/Buffet-Soft-1-web-768x1024.jpg?ssl=1\" data-amp-layout=\"responsive\" tabindex=\"0\" role=\"button\" aria-label=\"Ouvrir l\u2019image 40 sur 58 en plein \u00e9cran\"\/><\/a><\/figure><\/div><\/div><div class=\"tiled-gallery__row\"><div class=\"tiled-gallery__col\" style=\"flex-basis:40.39289%\"><figure class=\"tiled-gallery__item\"><a href=\"https:\/\/legardemanger01.fr\/wp-content\/uploads\/2024\/05\/Bar-detail-1-web-1024x797.jpg\"><img decoding=\"async\" srcset=\"https:\/\/i1.wp.com\/legardemanger01.fr\/wp-content\/uploads\/2024\/05\/Bar-detail-1-web-1024x797.jpg?strip=info&#038;w=600&#038;ssl=1 600w,https:\/\/i1.wp.com\/legardemanger01.fr\/wp-content\/uploads\/2024\/05\/Bar-detail-1-web-1024x797.jpg?strip=info&#038;w=900&#038;ssl=1 900w,https:\/\/i1.wp.com\/legardemanger01.fr\/wp-content\/uploads\/2024\/05\/Bar-detail-1-web-1024x797.jpg?strip=info&#038;w=1200&#038;ssl=1 1200w,https:\/\/i1.wp.com\/legardemanger01.fr\/wp-content\/uploads\/2024\/05\/Bar-detail-1-web-1024x797.jpg?strip=info&#038;w=1500&#038;ssl=1 1500w,https:\/\/i1.wp.com\/legardemanger01.fr\/wp-content\/uploads\/2024\/05\/Bar-detail-1-web-1024x797.jpg?strip=info&#038;w=1800&#038;ssl=1 1800w,https:\/\/i1.wp.com\/legardemanger01.fr\/wp-content\/uploads\/2024\/05\/Bar-detail-1-web-1024x797.jpg?strip=info&#038;w=2000&#038;ssl=1 2000w\" alt=\"Food Truck Rhone Alpes Ain le garde manger\" data-height=\"1993\" data-id=\"1075\" data-link=\"https:\/\/legardemanger01.fr\/index.php\/galerie-food-truck-prestation\/bar-detail-1-web\/\" data-url=\"https:\/\/legardemanger01.fr\/wp-content\/uploads\/2024\/05\/Bar-detail-1-web-1024x797.jpg\" data-width=\"2560\" src=\"https:\/\/i1.wp.com\/legardemanger01.fr\/wp-content\/uploads\/2024\/05\/Bar-detail-1-web-1024x797.jpg?ssl=1\" data-amp-layout=\"responsive\" tabindex=\"0\" role=\"button\" aria-label=\"Ouvrir l\u2019image 41 sur 58 en plein \u00e9cran\"\/><\/a><\/figure><figure class=\"tiled-gallery__item\"><a href=\"https:\/\/legardemanger01.fr\/wp-content\/uploads\/2024\/09\/legardemanger-flandrine1-1-1024x768.jpg\"><img decoding=\"async\" srcset=\"https:\/\/i0.wp.com\/legardemanger01.fr\/wp-content\/uploads\/2024\/09\/legardemanger-flandrine1-1-1024x768.jpg?strip=info&#038;w=600&#038;ssl=1 600w,https:\/\/i0.wp.com\/legardemanger01.fr\/wp-content\/uploads\/2024\/09\/legardemanger-flandrine1-1-1024x768.jpg?strip=info&#038;w=900&#038;ssl=1 900w,https:\/\/i0.wp.com\/legardemanger01.fr\/wp-content\/uploads\/2024\/09\/legardemanger-flandrine1-1-1024x768.jpg?strip=info&#038;w=1200&#038;ssl=1 1200w,https:\/\/i0.wp.com\/legardemanger01.fr\/wp-content\/uploads\/2024\/09\/legardemanger-flandrine1-1-1024x768.jpg?strip=info&#038;w=1500&#038;ssl=1 1500w,https:\/\/i0.wp.com\/legardemanger01.fr\/wp-content\/uploads\/2024\/09\/legardemanger-flandrine1-1-1024x768.jpg?strip=info&#038;w=1800&#038;ssl=1 1800w,https:\/\/i0.wp.com\/legardemanger01.fr\/wp-content\/uploads\/2024\/09\/legardemanger-flandrine1-1-1024x768.jpg?strip=info&#038;w=2000&#038;ssl=1 2000w\" alt=\"Food Truck Rhone Alpes Ain le garde manger\" data-height=\"1920\" data-id=\"1177\" data-link=\"https:\/\/legardemanger01.fr\/index.php\/galerie-food-truck-prestation\/legardemanger-flandrine1-2\/\" data-url=\"https:\/\/legardemanger01.fr\/wp-content\/uploads\/2024\/09\/legardemanger-flandrine1-1-1024x768.jpg\" data-width=\"2560\" src=\"https:\/\/i0.wp.com\/legardemanger01.fr\/wp-content\/uploads\/2024\/09\/legardemanger-flandrine1-1-1024x768.jpg?ssl=1\" data-amp-layout=\"responsive\" tabindex=\"0\" role=\"button\" aria-label=\"Ouvrir l\u2019image 42 sur 58 en plein \u00e9cran\"\/><\/a><\/figure><figure class=\"tiled-gallery__item\"><a href=\"https:\/\/legardemanger01.fr\/wp-content\/uploads\/2024\/10\/CELIAFLORENT_MAI2024-550.jpg\"><img decoding=\"async\" srcset=\"https:\/\/i2.wp.com\/legardemanger01.fr\/wp-content\/uploads\/2024\/10\/CELIAFLORENT_MAI2024-550.jpg?strip=info&#038;w=600&#038;ssl=1 600w,https:\/\/i2.wp.com\/legardemanger01.fr\/wp-content\/uploads\/2024\/10\/CELIAFLORENT_MAI2024-550.jpg?strip=info&#038;w=900&#038;ssl=1 900w,https:\/\/i2.wp.com\/legardemanger01.fr\/wp-content\/uploads\/2024\/10\/CELIAFLORENT_MAI2024-550.jpg?strip=info&#038;w=1024&#038;ssl=1 1024w\" alt=\"\" data-height=\"683\" data-id=\"1283\" data-link=\"https:\/\/legardemanger01.fr\/index.php\/galerie-food-truck-prestation\/celiaflorent_mai2024-550\/\" data-url=\"https:\/\/legardemanger01.fr\/wp-content\/uploads\/2024\/10\/CELIAFLORENT_MAI2024-550.jpg\" data-width=\"1024\" src=\"https:\/\/i2.wp.com\/legardemanger01.fr\/wp-content\/uploads\/2024\/10\/CELIAFLORENT_MAI2024-550.jpg?ssl=1\" data-amp-layout=\"responsive\" tabindex=\"0\" role=\"button\" aria-label=\"Ouvrir l\u2019image 43 sur 58 en plein \u00e9cran\"\/><\/a><\/figure><\/div><div class=\"tiled-gallery__col\" style=\"flex-basis:59.60711%\"><figure class=\"tiled-gallery__item\"><a href=\"https:\/\/legardemanger01.fr\/wp-content\/uploads\/2024\/10\/CELIAFLORENT_MAI2024-557-683x1024.jpg\"><img decoding=\"async\" srcset=\"https:\/\/i0.wp.com\/legardemanger01.fr\/wp-content\/uploads\/2024\/10\/CELIAFLORENT_MAI2024-557-683x1024.jpg?strip=info&#038;w=600&#038;ssl=1 600w,https:\/\/i0.wp.com\/legardemanger01.fr\/wp-content\/uploads\/2024\/10\/CELIAFLORENT_MAI2024-557-683x1024.jpg?strip=info&#038;w=900&#038;ssl=1 900w,https:\/\/i0.wp.com\/legardemanger01.fr\/wp-content\/uploads\/2024\/10\/CELIAFLORENT_MAI2024-557-683x1024.jpg?strip=info&#038;w=1024&#038;ssl=1 1024w\" alt=\"\" data-height=\"1536\" data-id=\"1284\" data-link=\"https:\/\/legardemanger01.fr\/index.php\/galerie-food-truck-prestation\/celiaflorent_mai2024-557\/\" data-url=\"https:\/\/legardemanger01.fr\/wp-content\/uploads\/2024\/10\/CELIAFLORENT_MAI2024-557-683x1024.jpg\" data-width=\"1024\" src=\"https:\/\/i0.wp.com\/legardemanger01.fr\/wp-content\/uploads\/2024\/10\/CELIAFLORENT_MAI2024-557-683x1024.jpg?ssl=1\" data-amp-layout=\"responsive\" tabindex=\"0\" role=\"button\" aria-label=\"Ouvrir l\u2019image 44 sur 58 en plein \u00e9cran\"\/><\/a><\/figure><\/div><\/div><div class=\"tiled-gallery__row\"><div class=\"tiled-gallery__col\" style=\"flex-basis:30.82991%\"><figure class=\"tiled-gallery__item\"><a href=\"https:\/\/legardemanger01.fr\/wp-content\/uploads\/2024\/10\/CELIAFLORENT_MAI2024-560-683x1024.jpg\"><img decoding=\"async\" srcset=\"https:\/\/i2.wp.com\/legardemanger01.fr\/wp-content\/uploads\/2024\/10\/CELIAFLORENT_MAI2024-560-683x1024.jpg?strip=info&#038;w=600&#038;ssl=1 600w,https:\/\/i2.wp.com\/legardemanger01.fr\/wp-content\/uploads\/2024\/10\/CELIAFLORENT_MAI2024-560-683x1024.jpg?strip=info&#038;w=900&#038;ssl=1 900w,https:\/\/i2.wp.com\/legardemanger01.fr\/wp-content\/uploads\/2024\/10\/CELIAFLORENT_MAI2024-560-683x1024.jpg?strip=info&#038;w=1024&#038;ssl=1 1024w\" alt=\"\" data-height=\"1536\" data-id=\"1286\" data-link=\"https:\/\/legardemanger01.fr\/index.php\/galerie-food-truck-prestation\/celiaflorent_mai2024-560\/\" data-url=\"https:\/\/legardemanger01.fr\/wp-content\/uploads\/2024\/10\/CELIAFLORENT_MAI2024-560-683x1024.jpg\" data-width=\"1024\" src=\"https:\/\/i2.wp.com\/legardemanger01.fr\/wp-content\/uploads\/2024\/10\/CELIAFLORENT_MAI2024-560-683x1024.jpg?ssl=1\" data-amp-layout=\"responsive\" tabindex=\"0\" role=\"button\" aria-label=\"Ouvrir l\u2019image 45 sur 58 en plein \u00e9cran\"\/><\/a><\/figure><\/div><div class=\"tiled-gallery__col\" style=\"flex-basis:69.17009%\"><figure class=\"tiled-gallery__item\"><a href=\"https:\/\/legardemanger01.fr\/wp-content\/uploads\/2024\/10\/CELIAFLORENT_MAI2024-561.jpg\"><img decoding=\"async\" srcset=\"https:\/\/i1.wp.com\/legardemanger01.fr\/wp-content\/uploads\/2024\/10\/CELIAFLORENT_MAI2024-561.jpg?strip=info&#038;w=600&#038;ssl=1 600w,https:\/\/i1.wp.com\/legardemanger01.fr\/wp-content\/uploads\/2024\/10\/CELIAFLORENT_MAI2024-561.jpg?strip=info&#038;w=900&#038;ssl=1 900w,https:\/\/i1.wp.com\/legardemanger01.fr\/wp-content\/uploads\/2024\/10\/CELIAFLORENT_MAI2024-561.jpg?strip=info&#038;w=1024&#038;ssl=1 1024w\" alt=\"\" data-height=\"683\" data-id=\"1287\" data-link=\"https:\/\/legardemanger01.fr\/index.php\/galerie-food-truck-prestation\/celiaflorent_mai2024-561\/\" data-url=\"https:\/\/legardemanger01.fr\/wp-content\/uploads\/2024\/10\/CELIAFLORENT_MAI2024-561.jpg\" data-width=\"1024\" src=\"https:\/\/i1.wp.com\/legardemanger01.fr\/wp-content\/uploads\/2024\/10\/CELIAFLORENT_MAI2024-561.jpg?ssl=1\" data-amp-layout=\"responsive\" tabindex=\"0\" role=\"button\" aria-label=\"Ouvrir l\u2019image 46 sur 58 en plein \u00e9cran\"\/><\/a><\/figure><\/div><\/div><div class=\"tiled-gallery__row\"><div class=\"tiled-gallery__col\" style=\"flex-basis:25.00000%\"><figure class=\"tiled-gallery__item\"><a href=\"https:\/\/legardemanger01.fr\/wp-content\/uploads\/2024\/10\/CELIAFLORENT_MAI2024-562-732x1024.jpg\"><img decoding=\"async\" srcset=\"https:\/\/i2.wp.com\/legardemanger01.fr\/wp-content\/uploads\/2024\/10\/CELIAFLORENT_MAI2024-562-732x1024.jpg?strip=info&#038;w=600&#038;ssl=1 600w,https:\/\/i2.wp.com\/legardemanger01.fr\/wp-content\/uploads\/2024\/10\/CELIAFLORENT_MAI2024-562-732x1024.jpg?strip=info&#038;w=900&#038;ssl=1 900w,https:\/\/i2.wp.com\/legardemanger01.fr\/wp-content\/uploads\/2024\/10\/CELIAFLORENT_MAI2024-562-732x1024.jpg?strip=info&#038;w=1024&#038;ssl=1 1024w\" alt=\"\" data-height=\"1433\" data-id=\"1288\" data-link=\"https:\/\/legardemanger01.fr\/index.php\/galerie-food-truck-prestation\/celiaflorent_mai2024-562\/\" data-url=\"https:\/\/legardemanger01.fr\/wp-content\/uploads\/2024\/10\/CELIAFLORENT_MAI2024-562-732x1024.jpg\" data-width=\"1024\" src=\"https:\/\/i2.wp.com\/legardemanger01.fr\/wp-content\/uploads\/2024\/10\/CELIAFLORENT_MAI2024-562-732x1024.jpg?ssl=1\" data-amp-layout=\"responsive\" tabindex=\"0\" role=\"button\" aria-label=\"Ouvrir l\u2019image 47 sur 58 en plein \u00e9cran\"\/><\/a><\/figure><\/div><div class=\"tiled-gallery__col\" style=\"flex-basis:25.00000%\"><figure class=\"tiled-gallery__item\"><a href=\"https:\/\/legardemanger01.fr\/wp-content\/uploads\/2024\/10\/CELIAFLORENT_MAI2024-563-732x1024.jpg\"><img decoding=\"async\" srcset=\"https:\/\/i1.wp.com\/legardemanger01.fr\/wp-content\/uploads\/2024\/10\/CELIAFLORENT_MAI2024-563-732x1024.jpg?strip=info&#038;w=600&#038;ssl=1 600w,https:\/\/i1.wp.com\/legardemanger01.fr\/wp-content\/uploads\/2024\/10\/CELIAFLORENT_MAI2024-563-732x1024.jpg?strip=info&#038;w=900&#038;ssl=1 900w,https:\/\/i1.wp.com\/legardemanger01.fr\/wp-content\/uploads\/2024\/10\/CELIAFLORENT_MAI2024-563-732x1024.jpg?strip=info&#038;w=1024&#038;ssl=1 1024w\" alt=\"\" data-height=\"1433\" data-id=\"1289\" data-link=\"https:\/\/legardemanger01.fr\/index.php\/galerie-food-truck-prestation\/celiaflorent_mai2024-563\/\" data-url=\"https:\/\/legardemanger01.fr\/wp-content\/uploads\/2024\/10\/CELIAFLORENT_MAI2024-563-732x1024.jpg\" data-width=\"1024\" src=\"https:\/\/i1.wp.com\/legardemanger01.fr\/wp-content\/uploads\/2024\/10\/CELIAFLORENT_MAI2024-563-732x1024.jpg?ssl=1\" data-amp-layout=\"responsive\" tabindex=\"0\" role=\"button\" aria-label=\"Ouvrir l\u2019image 48 sur 58 en plein \u00e9cran\"\/><\/a><\/figure><\/div><div class=\"tiled-gallery__col\" style=\"flex-basis:25.00000%\"><figure class=\"tiled-gallery__item\"><a href=\"https:\/\/legardemanger01.fr\/wp-content\/uploads\/2024\/10\/CELIAFLORENT_MAI2024-564-732x1024.jpg\"><img decoding=\"async\" srcset=\"https:\/\/i0.wp.com\/legardemanger01.fr\/wp-content\/uploads\/2024\/10\/CELIAFLORENT_MAI2024-564-732x1024.jpg?strip=info&#038;w=600&#038;ssl=1 600w,https:\/\/i0.wp.com\/legardemanger01.fr\/wp-content\/uploads\/2024\/10\/CELIAFLORENT_MAI2024-564-732x1024.jpg?strip=info&#038;w=900&#038;ssl=1 900w,https:\/\/i0.wp.com\/legardemanger01.fr\/wp-content\/uploads\/2024\/10\/CELIAFLORENT_MAI2024-564-732x1024.jpg?strip=info&#038;w=1024&#038;ssl=1 1024w\" alt=\"\" data-height=\"1433\" data-id=\"1290\" data-link=\"https:\/\/legardemanger01.fr\/index.php\/galerie-food-truck-prestation\/celiaflorent_mai2024-564\/\" data-url=\"https:\/\/legardemanger01.fr\/wp-content\/uploads\/2024\/10\/CELIAFLORENT_MAI2024-564-732x1024.jpg\" data-width=\"1024\" src=\"https:\/\/i0.wp.com\/legardemanger01.fr\/wp-content\/uploads\/2024\/10\/CELIAFLORENT_MAI2024-564-732x1024.jpg?ssl=1\" data-amp-layout=\"responsive\" tabindex=\"0\" role=\"button\" aria-label=\"Ouvrir l\u2019image 49 sur 58 en plein \u00e9cran\"\/><\/a><\/figure><\/div><div class=\"tiled-gallery__col\" style=\"flex-basis:25.00000%\"><figure class=\"tiled-gallery__item\"><a href=\"https:\/\/legardemanger01.fr\/wp-content\/uploads\/2024\/10\/CELIAFLORENT_MAI2024-565-732x1024.jpg\"><img decoding=\"async\" srcset=\"https:\/\/i2.wp.com\/legardemanger01.fr\/wp-content\/uploads\/2024\/10\/CELIAFLORENT_MAI2024-565-732x1024.jpg?strip=info&#038;w=600&#038;ssl=1 600w,https:\/\/i2.wp.com\/legardemanger01.fr\/wp-content\/uploads\/2024\/10\/CELIAFLORENT_MAI2024-565-732x1024.jpg?strip=info&#038;w=900&#038;ssl=1 900w,https:\/\/i2.wp.com\/legardemanger01.fr\/wp-content\/uploads\/2024\/10\/CELIAFLORENT_MAI2024-565-732x1024.jpg?strip=info&#038;w=1024&#038;ssl=1 1024w\" alt=\"\" data-height=\"1433\" data-id=\"1291\" data-link=\"https:\/\/legardemanger01.fr\/index.php\/galerie-food-truck-prestation\/celiaflorent_mai2024-565\/\" data-url=\"https:\/\/legardemanger01.fr\/wp-content\/uploads\/2024\/10\/CELIAFLORENT_MAI2024-565-732x1024.jpg\" data-width=\"1024\" src=\"https:\/\/i2.wp.com\/legardemanger01.fr\/wp-content\/uploads\/2024\/10\/CELIAFLORENT_MAI2024-565-732x1024.jpg?ssl=1\" data-amp-layout=\"responsive\" tabindex=\"0\" role=\"button\" aria-label=\"Ouvrir l\u2019image 50 sur 58 en plein \u00e9cran\"\/><\/a><\/figure><\/div><\/div><div class=\"tiled-gallery__row\"><div class=\"tiled-gallery__col\" style=\"flex-basis:50.00000%\"><figure class=\"tiled-gallery__item\"><a href=\"https:\/\/legardemanger01.fr\/wp-content\/uploads\/2024\/10\/CELIAFLORENT_MAI2024-566-683x1024.jpg\"><img decoding=\"async\" srcset=\"https:\/\/i2.wp.com\/legardemanger01.fr\/wp-content\/uploads\/2024\/10\/CELIAFLORENT_MAI2024-566-683x1024.jpg?strip=info&#038;w=600&#038;ssl=1 600w,https:\/\/i2.wp.com\/legardemanger01.fr\/wp-content\/uploads\/2024\/10\/CELIAFLORENT_MAI2024-566-683x1024.jpg?strip=info&#038;w=900&#038;ssl=1 900w,https:\/\/i2.wp.com\/legardemanger01.fr\/wp-content\/uploads\/2024\/10\/CELIAFLORENT_MAI2024-566-683x1024.jpg?strip=info&#038;w=1024&#038;ssl=1 1024w\" alt=\"\" data-height=\"1536\" data-id=\"1292\" data-link=\"https:\/\/legardemanger01.fr\/index.php\/galerie-food-truck-prestation\/celiaflorent_mai2024-566\/\" data-url=\"https:\/\/legardemanger01.fr\/wp-content\/uploads\/2024\/10\/CELIAFLORENT_MAI2024-566-683x1024.jpg\" data-width=\"1024\" src=\"https:\/\/i2.wp.com\/legardemanger01.fr\/wp-content\/uploads\/2024\/10\/CELIAFLORENT_MAI2024-566-683x1024.jpg?ssl=1\" data-amp-layout=\"responsive\" tabindex=\"0\" role=\"button\" aria-label=\"Ouvrir l\u2019image 51 sur 58 en plein \u00e9cran\"\/><\/a><\/figure><\/div><div class=\"tiled-gallery__col\" style=\"flex-basis:50.00000%\"><figure class=\"tiled-gallery__item\"><a href=\"https:\/\/legardemanger01.fr\/wp-content\/uploads\/2024\/10\/CELIAFLORENT_MAI2024-572-683x1024.jpg\"><img decoding=\"async\" srcset=\"https:\/\/i2.wp.com\/legardemanger01.fr\/wp-content\/uploads\/2024\/10\/CELIAFLORENT_MAI2024-572-683x1024.jpg?strip=info&#038;w=600&#038;ssl=1 600w,https:\/\/i2.wp.com\/legardemanger01.fr\/wp-content\/uploads\/2024\/10\/CELIAFLORENT_MAI2024-572-683x1024.jpg?strip=info&#038;w=900&#038;ssl=1 900w,https:\/\/i2.wp.com\/legardemanger01.fr\/wp-content\/uploads\/2024\/10\/CELIAFLORENT_MAI2024-572-683x1024.jpg?strip=info&#038;w=1024&#038;ssl=1 1024w\" alt=\"\" data-height=\"1536\" data-id=\"1293\" data-link=\"https:\/\/legardemanger01.fr\/index.php\/galerie-food-truck-prestation\/celiaflorent_mai2024-572\/\" data-url=\"https:\/\/legardemanger01.fr\/wp-content\/uploads\/2024\/10\/CELIAFLORENT_MAI2024-572-683x1024.jpg\" data-width=\"1024\" src=\"https:\/\/i2.wp.com\/legardemanger01.fr\/wp-content\/uploads\/2024\/10\/CELIAFLORENT_MAI2024-572-683x1024.jpg?ssl=1\" data-amp-layout=\"responsive\" tabindex=\"0\" role=\"button\" aria-label=\"Ouvrir l\u2019image 52 sur 58 en plein \u00e9cran\"\/><\/a><\/figure><\/div><\/div><div class=\"tiled-gallery__row\"><div class=\"tiled-gallery__col\" style=\"flex-basis:67.68995%\"><figure class=\"tiled-gallery__item\"><a href=\"https:\/\/legardemanger01.fr\/wp-content\/uploads\/2024\/10\/CELIAFLORENT_MAI2024-573.jpg\"><img decoding=\"async\" srcset=\"https:\/\/i2.wp.com\/legardemanger01.fr\/wp-content\/uploads\/2024\/10\/CELIAFLORENT_MAI2024-573.jpg?strip=info&#038;w=600&#038;ssl=1 600w,https:\/\/i2.wp.com\/legardemanger01.fr\/wp-content\/uploads\/2024\/10\/CELIAFLORENT_MAI2024-573.jpg?strip=info&#038;w=900&#038;ssl=1 900w,https:\/\/i2.wp.com\/legardemanger01.fr\/wp-content\/uploads\/2024\/10\/CELIAFLORENT_MAI2024-573.jpg?strip=info&#038;w=1024&#038;ssl=1 1024w\" alt=\"\" data-height=\"683\" data-id=\"1294\" data-link=\"https:\/\/legardemanger01.fr\/index.php\/galerie-food-truck-prestation\/celiaflorent_mai2024-573\/\" data-url=\"https:\/\/legardemanger01.fr\/wp-content\/uploads\/2024\/10\/CELIAFLORENT_MAI2024-573.jpg\" data-width=\"1024\" src=\"https:\/\/i2.wp.com\/legardemanger01.fr\/wp-content\/uploads\/2024\/10\/CELIAFLORENT_MAI2024-573.jpg?ssl=1\" data-amp-layout=\"responsive\" tabindex=\"0\" role=\"button\" aria-label=\"Ouvrir l\u2019image 53 sur 58 en plein \u00e9cran\"\/><\/a><\/figure><\/div><div class=\"tiled-gallery__col\" style=\"flex-basis:32.31005%\"><figure class=\"tiled-gallery__item\"><a href=\"https:\/\/legardemanger01.fr\/wp-content\/uploads\/2024\/10\/CELIAFLORENT_MAI2024-576-731x1024.jpg\"><img decoding=\"async\" srcset=\"https:\/\/i0.wp.com\/legardemanger01.fr\/wp-content\/uploads\/2024\/10\/CELIAFLORENT_MAI2024-576-731x1024.jpg?strip=info&#038;w=600&#038;ssl=1 600w,https:\/\/i0.wp.com\/legardemanger01.fr\/wp-content\/uploads\/2024\/10\/CELIAFLORENT_MAI2024-576-731x1024.jpg?strip=info&#038;w=900&#038;ssl=1 900w,https:\/\/i0.wp.com\/legardemanger01.fr\/wp-content\/uploads\/2024\/10\/CELIAFLORENT_MAI2024-576-731x1024.jpg?strip=info&#038;w=1024&#038;ssl=1 1024w\" alt=\"\" data-height=\"1434\" data-id=\"1295\" data-link=\"https:\/\/legardemanger01.fr\/index.php\/galerie-food-truck-prestation\/celiaflorent_mai2024-576\/\" data-url=\"https:\/\/legardemanger01.fr\/wp-content\/uploads\/2024\/10\/CELIAFLORENT_MAI2024-576-731x1024.jpg\" data-width=\"1024\" src=\"https:\/\/i0.wp.com\/legardemanger01.fr\/wp-content\/uploads\/2024\/10\/CELIAFLORENT_MAI2024-576-731x1024.jpg?ssl=1\" data-amp-layout=\"responsive\" tabindex=\"0\" role=\"button\" aria-label=\"Ouvrir l\u2019image 54 sur 58 en plein \u00e9cran\"\/><\/a><\/figure><\/div><\/div><div class=\"tiled-gallery__row\"><div class=\"tiled-gallery__col\" style=\"flex-basis:29.00504%\"><figure class=\"tiled-gallery__item\"><a href=\"https:\/\/legardemanger01.fr\/wp-content\/uploads\/2024\/10\/CELIAFLORENT_MAI2024-577.jpg\"><img decoding=\"async\" srcset=\"https:\/\/i1.wp.com\/legardemanger01.fr\/wp-content\/uploads\/2024\/10\/CELIAFLORENT_MAI2024-577.jpg?strip=info&#038;w=600&#038;ssl=1 600w,https:\/\/i1.wp.com\/legardemanger01.fr\/wp-content\/uploads\/2024\/10\/CELIAFLORENT_MAI2024-577.jpg?strip=info&#038;w=900&#038;ssl=1 900w,https:\/\/i1.wp.com\/legardemanger01.fr\/wp-content\/uploads\/2024\/10\/CELIAFLORENT_MAI2024-577.jpg?strip=info&#038;w=1024&#038;ssl=1 1024w\" alt=\"\" data-height=\"683\" data-id=\"1296\" data-link=\"https:\/\/legardemanger01.fr\/index.php\/galerie-food-truck-prestation\/celiaflorent_mai2024-577\/\" data-url=\"https:\/\/legardemanger01.fr\/wp-content\/uploads\/2024\/10\/CELIAFLORENT_MAI2024-577.jpg\" data-width=\"1024\" src=\"https:\/\/i1.wp.com\/legardemanger01.fr\/wp-content\/uploads\/2024\/10\/CELIAFLORENT_MAI2024-577.jpg?ssl=1\" data-amp-layout=\"responsive\" tabindex=\"0\" role=\"button\" aria-label=\"Ouvrir l\u2019image 55 sur 58 en plein \u00e9cran\"\/><\/a><\/figure><\/div><div class=\"tiled-gallery__col\" style=\"flex-basis:29.00504%\"><figure class=\"tiled-gallery__item\"><a href=\"https:\/\/legardemanger01.fr\/wp-content\/uploads\/2024\/10\/CELIAFLORENT_MAI2024-605.jpg\"><img decoding=\"async\" srcset=\"https:\/\/i0.wp.com\/legardemanger01.fr\/wp-content\/uploads\/2024\/10\/CELIAFLORENT_MAI2024-605.jpg?strip=info&#038;w=600&#038;ssl=1 600w,https:\/\/i0.wp.com\/legardemanger01.fr\/wp-content\/uploads\/2024\/10\/CELIAFLORENT_MAI2024-605.jpg?strip=info&#038;w=900&#038;ssl=1 900w,https:\/\/i0.wp.com\/legardemanger01.fr\/wp-content\/uploads\/2024\/10\/CELIAFLORENT_MAI2024-605.jpg?strip=info&#038;w=1024&#038;ssl=1 1024w\" alt=\"\" data-height=\"683\" data-id=\"1297\" data-link=\"https:\/\/legardemanger01.fr\/index.php\/galerie-food-truck-prestation\/celiaflorent_mai2024-605\/\" data-url=\"https:\/\/legardemanger01.fr\/wp-content\/uploads\/2024\/10\/CELIAFLORENT_MAI2024-605.jpg\" data-width=\"1024\" src=\"https:\/\/i0.wp.com\/legardemanger01.fr\/wp-content\/uploads\/2024\/10\/CELIAFLORENT_MAI2024-605.jpg?ssl=1\" data-amp-layout=\"responsive\" tabindex=\"0\" role=\"button\" aria-label=\"Ouvrir l\u2019image 56 sur 58 en plein \u00e9cran\"\/><\/a><\/figure><\/div><div class=\"tiled-gallery__col\" style=\"flex-basis:12.98487%\"><figure class=\"tiled-gallery__item\"><a href=\"https:\/\/legardemanger01.fr\/wp-content\/uploads\/2024\/10\/CELIAFLORENT_MAI2024-606-683x1024.jpg\"><img decoding=\"async\" srcset=\"https:\/\/i1.wp.com\/legardemanger01.fr\/wp-content\/uploads\/2024\/10\/CELIAFLORENT_MAI2024-606-683x1024.jpg?strip=info&#038;w=600&#038;ssl=1 600w,https:\/\/i1.wp.com\/legardemanger01.fr\/wp-content\/uploads\/2024\/10\/CELIAFLORENT_MAI2024-606-683x1024.jpg?strip=info&#038;w=900&#038;ssl=1 900w,https:\/\/i1.wp.com\/legardemanger01.fr\/wp-content\/uploads\/2024\/10\/CELIAFLORENT_MAI2024-606-683x1024.jpg?strip=info&#038;w=1024&#038;ssl=1 1024w\" alt=\"\" data-height=\"1536\" data-id=\"1298\" data-link=\"https:\/\/legardemanger01.fr\/index.php\/galerie-food-truck-prestation\/celiaflorent_mai2024-606\/\" data-url=\"https:\/\/legardemanger01.fr\/wp-content\/uploads\/2024\/10\/CELIAFLORENT_MAI2024-606-683x1024.jpg\" data-width=\"1024\" src=\"https:\/\/i1.wp.com\/legardemanger01.fr\/wp-content\/uploads\/2024\/10\/CELIAFLORENT_MAI2024-606-683x1024.jpg?ssl=1\" data-amp-layout=\"responsive\" tabindex=\"0\" role=\"button\" aria-label=\"Ouvrir l\u2019image 57 sur 58 en plein \u00e9cran\"\/><\/a><\/figure><\/div><div class=\"tiled-gallery__col\" style=\"flex-basis:29.00504%\"><figure class=\"tiled-gallery__item\"><a href=\"https:\/\/legardemanger01.fr\/wp-content\/uploads\/2024\/10\/CELIAFLORENT_MAI2024-607.jpg\"><img decoding=\"async\" srcset=\"https:\/\/i0.wp.com\/legardemanger01.fr\/wp-content\/uploads\/2024\/10\/CELIAFLORENT_MAI2024-607.jpg?strip=info&#038;w=600&#038;ssl=1 600w,https:\/\/i0.wp.com\/legardemanger01.fr\/wp-content\/uploads\/2024\/10\/CELIAFLORENT_MAI2024-607.jpg?strip=info&#038;w=900&#038;ssl=1 900w,https:\/\/i0.wp.com\/legardemanger01.fr\/wp-content\/uploads\/2024\/10\/CELIAFLORENT_MAI2024-607.jpg?strip=info&#038;w=1024&#038;ssl=1 1024w\" alt=\"\" data-height=\"683\" data-id=\"1299\" data-link=\"https:\/\/legardemanger01.fr\/index.php\/galerie-food-truck-prestation\/celiaflorent_mai2024-607\/\" data-url=\"https:\/\/legardemanger01.fr\/wp-content\/uploads\/2024\/10\/CELIAFLORENT_MAI2024-607.jpg\" data-width=\"1024\" src=\"https:\/\/i0.wp.com\/legardemanger01.fr\/wp-content\/uploads\/2024\/10\/CELIAFLORENT_MAI2024-607.jpg?ssl=1\" data-amp-layout=\"responsive\" tabindex=\"0\" role=\"button\" aria-label=\"Ouvrir l\u2019image 58 sur 58 en plein \u00e9cran\"\/><\/a><\/figure><\/div><\/div><\/div><\/div><\/div>\n\n\n\n<p><\/p>\n<\/div>\n<\/div>\n\n\n<div id=\"custom\" class=\"h-section h-section-global-spacing d-flex align-items-lg-center align-items-md-center align-items-center style-344 style-local-523-c6 position-relative\" data-colibri-component=\"section\" data-colibri-id=\"523-c6\">\n<div class=\"h-section-grid-container h-section-boxed-container\">\n<div class=\"h-row-container gutters-row-lg-2 gutters-row-md-2 gutters-row-0 gutters-row-v-lg-2 gutters-row-v-md-2 gutters-row-v-2 style-345 style-local-523-c7 position-relative\" data-colibri-id=\"523-c7\">\n<div class=\"h-row justify-content-lg-center justify-content-md-center justify-content-center align-items-lg-stretch align-items-md-stretch align-items-stretch gutters-col-lg-2 gutters-col-md-2 gutters-col-0 gutters-col-v-lg-2 gutters-col-v-md-2 gutters-col-v-2\">\n<div class=\"h-column h-column-container d-flex h-col-lg-auto h-col-md-auto h-col-auto style-346-outer style-local-523-c8-outer\">\n<div class=\"d-flex h-flex-basis h-column__inner h-ui-empty-state-container h-px-lg-2 h-px-md-2 h-px-2 v-inner-lg-2 v-inner-md-2 v-inner-2 style-346 style-local-523-c8 position-relative\" data-colibri-id=\"523-c8\">\n<div class=\"w-100 h-y-container h-column__content h-column__v-align flex-basis-100\">\n<div style=\"width: 720px;\" class=\"wp-video\"><video class=\"wp-video-shortcode\" id=\"video-523-1\" width=\"720\" height=\"1280\" preload=\"metadata\" controls=\"controls\"><source type=\"video\/mp4\" src=\"https:\/\/legardemanger01.fr\/wp-content\/uploads\/2024\/10\/Mariage-celiaflorent.mp4?_=1\" \/><a href=\"https:\/\/legardemanger01.fr\/wp-content\/uploads\/2024\/10\/Mariage-celiaflorent.mp4\">https:\/\/legardemanger01.fr\/wp-content\/uploads\/2024\/10\/Mariage-celiaflorent.mp4<\/a><\/video><\/div>\n<div style=\"width: 1280px;\" class=\"wp-video\"><video class=\"wp-video-shortcode\" id=\"video-523-2\" width=\"1280\" height=\"720\" preload=\"metadata\" controls=\"controls\"><source type=\"video\/mp4\" src=\"https:\/\/legardemanger01.fr\/wp-content\/uploads\/2024\/10\/Mariage-colinethomas.mp4?_=2\" \/><a href=\"https:\/\/legardemanger01.fr\/wp-content\/uploads\/2024\/10\/Mariage-colinethomas.mp4\">https:\/\/legardemanger01.fr\/wp-content\/uploads\/2024\/10\/Mariage-colinethomas.mp4<\/a><\/video><\/div>\n<\/div>\n<\/div>\n<\/div>\n<\/div>\n<\/div>\n<\/div>\n<\/div>\n\n\n<p><\/p>\n","protected":false},"excerpt":{"rendered":"<p>Bienvenue dans la galerie du Food Truck Le Garde Manger, situ\u00e9 en Rh\u00f4ne Alpes Auvergne, Ain (01) ! Vous retrouverez ici une s\u00e9lection de photo de nos prestations pass\u00e9es. Mariage, anniversaire, \u00e9v\u00e9nement professionnel ou associatifs, tous les pr\u00e9textes sont bons pour se retrouver et c\u00e9l\u00e9brer un moment de complicit\u00e9 !<\/p>\n","protected":false},"author":1,"featured_media":0,"parent":0,"menu_order":0,"comment_status":"closed","ping_status":"closed","template":"page-templates\/full-width-page.php","meta":{"footnotes":""},"class_list":["post-523","page","type-page","status-publish","hentry"],"yoast_head":"<!-- This site is optimized with the Yoast SEO plugin v26.9 - https:\/\/yoast.com\/product\/yoast-seo-wordpress\/ -->\n<title>Galerie Food Truck Prestations - Le Garde Manger - Food Truck Gourmand dans l&#039;Ain \u00e0 Meximieux (01) photo<\/title>\n<meta name=\"description\" content=\"La galerie photo Food Truck de nos diff\u00e9rentes prestations r\u00e9alis\u00e9es. Mariage, anniversaire et autres festivit\u00e9s ! Disponible !\" \/>\n<meta name=\"robots\" content=\"index, follow, max-snippet:-1, max-image-preview:large, max-video-preview:-1\" \/>\n<link rel=\"canonical\" href=\"https:\/\/legardemanger01.fr\/index.php\/galerie-food-truck-prestation\/\" \/>\n<meta property=\"og:locale\" content=\"fr_FR\" \/>\n<meta property=\"og:type\" content=\"article\" \/>\n<meta property=\"og:title\" content=\"Galerie Food Truck Prestations - Le Garde Manger - Food Truck Gourmand dans l&#039;Ain \u00e0 Meximieux (01) photo\" \/>\n<meta property=\"og:description\" content=\"La galerie photo Food Truck de nos diff\u00e9rentes prestations r\u00e9alis\u00e9es. Mariage, anniversaire et autres festivit\u00e9s ! Disponible !\" \/>\n<meta property=\"og:url\" content=\"https:\/\/legardemanger01.fr\/index.php\/galerie-food-truck-prestation\/\" \/>\n<meta property=\"og:site_name\" content=\"Le Garde Manger - Food Truck Gourmand\" \/>\n<meta property=\"article:publisher\" content=\"https:\/\/www.facebook.com\/profile.php?id=100054515196930\" \/>\n<meta property=\"article:modified_time\" content=\"2024-10-11T13:21:46+00:00\" \/>\n<meta property=\"og:image\" content=\"https:\/\/i1.wp.com\/legardemanger01.fr\/wp-content\/uploads\/2023\/09\/photo-fleur-loin-846x1024.jpg?ssl=1\" \/>\n<meta name=\"twitter:card\" content=\"summary_large_image\" \/>\n<meta name=\"twitter:label1\" content=\"Dur\u00e9e de lecture estim\u00e9e\" \/>\n\t<meta name=\"twitter:data1\" content=\"12 minutes\" \/>\n<script type=\"application\/ld+json\" class=\"yoast-schema-graph\">{\"@context\":\"https:\/\/schema.org\",\"@graph\":[{\"@type\":\"WebPage\",\"@id\":\"https:\/\/legardemanger01.fr\/index.php\/galerie-food-truck-prestation\/\",\"url\":\"https:\/\/legardemanger01.fr\/index.php\/galerie-food-truck-prestation\/\",\"name\":\"Galerie Food Truck Prestations - Le Garde Manger - Food Truck Gourmand dans l'Ain \u00e0 Meximieux (01) photo\",\"isPartOf\":{\"@id\":\"https:\/\/legardemanger01.fr\/#website\"},\"primaryImageOfPage\":{\"@id\":\"https:\/\/legardemanger01.fr\/index.php\/galerie-food-truck-prestation\/#primaryimage\"},\"image\":{\"@id\":\"https:\/\/legardemanger01.fr\/index.php\/galerie-food-truck-prestation\/#primaryimage\"},\"thumbnailUrl\":\"https:\/\/i1.wp.com\/legardemanger01.fr\/wp-content\/uploads\/2023\/09\/photo-fleur-loin-846x1024.jpg?ssl=1\",\"datePublished\":\"2023-09-13T11:39:20+00:00\",\"dateModified\":\"2024-10-11T13:21:46+00:00\",\"description\":\"La galerie photo Food Truck de nos diff\u00e9rentes prestations r\u00e9alis\u00e9es. Mariage, anniversaire et autres festivit\u00e9s ! Disponible !\",\"breadcrumb\":{\"@id\":\"https:\/\/legardemanger01.fr\/index.php\/galerie-food-truck-prestation\/#breadcrumb\"},\"inLanguage\":\"fr-FR\",\"potentialAction\":[{\"@type\":\"ReadAction\",\"target\":[\"https:\/\/legardemanger01.fr\/index.php\/galerie-food-truck-prestation\/\"]}]},{\"@type\":\"ImageObject\",\"inLanguage\":\"fr-FR\",\"@id\":\"https:\/\/legardemanger01.fr\/index.php\/galerie-food-truck-prestation\/#primaryimage\",\"url\":\"https:\/\/i1.wp.com\/legardemanger01.fr\/wp-content\/uploads\/2023\/09\/photo-fleur-loin-846x1024.jpg?ssl=1\",\"contentUrl\":\"https:\/\/i1.wp.com\/legardemanger01.fr\/wp-content\/uploads\/2023\/09\/photo-fleur-loin-846x1024.jpg?ssl=1\"},{\"@type\":\"BreadcrumbList\",\"@id\":\"https:\/\/legardemanger01.fr\/index.php\/galerie-food-truck-prestation\/#breadcrumb\",\"itemListElement\":[{\"@type\":\"ListItem\",\"position\":1,\"name\":\"Accueil\",\"item\":\"https:\/\/legardemanger01.fr\/\"},{\"@type\":\"ListItem\",\"position\":2,\"name\":\"Galerie Food Truck Prestations\"}]},{\"@type\":\"WebSite\",\"@id\":\"https:\/\/legardemanger01.fr\/#website\",\"url\":\"https:\/\/legardemanger01.fr\/\",\"name\":\"Le Garde Manger - Food Truck Gourmand\",\"description\":\"Complice de votre gourmandise depuis 2007\",\"publisher\":{\"@id\":\"https:\/\/legardemanger01.fr\/#organization\"},\"potentialAction\":[{\"@type\":\"SearchAction\",\"target\":{\"@type\":\"EntryPoint\",\"urlTemplate\":\"https:\/\/legardemanger01.fr\/?s={search_term_string}\"},\"query-input\":{\"@type\":\"PropertyValueSpecification\",\"valueRequired\":true,\"valueName\":\"search_term_string\"}}],\"inLanguage\":\"fr-FR\"},{\"@type\":\"Organization\",\"@id\":\"https:\/\/legardemanger01.fr\/#organization\",\"name\":\"Le Garde Manger - Food Truck Gourmand\",\"url\":\"https:\/\/legardemanger01.fr\/\",\"logo\":{\"@type\":\"ImageObject\",\"inLanguage\":\"fr-FR\",\"@id\":\"https:\/\/legardemanger01.fr\/#\/schema\/logo\/image\/\",\"url\":\"https:\/\/legardemanger01.fr\/wp-content\/uploads\/2023\/08\/cropped-legardemanger01-logo-ivoire.png\",\"contentUrl\":\"https:\/\/legardemanger01.fr\/wp-content\/uploads\/2023\/08\/cropped-legardemanger01-logo-ivoire.png\",\"width\":1000,\"height\":280,\"caption\":\"Le Garde Manger - Food Truck Gourmand\"},\"image\":{\"@id\":\"https:\/\/legardemanger01.fr\/#\/schema\/logo\/image\/\"},\"sameAs\":[\"https:\/\/www.facebook.com\/profile.php?id=100054515196930\",\"https:\/\/www.instagram.com\/legardemanger01\/\"]}]}<\/script>\n<!-- \/ Yoast SEO plugin. -->","yoast_head_json":{"title":"Galerie Food Truck Prestations - Le Garde Manger - Food Truck Gourmand dans l'Ain \u00e0 Meximieux (01) photo","description":"La galerie photo Food Truck de nos diff\u00e9rentes prestations r\u00e9alis\u00e9es. Mariage, anniversaire et autres festivit\u00e9s ! Disponible !","robots":{"index":"index","follow":"follow","max-snippet":"max-snippet:-1","max-image-preview":"max-image-preview:large","max-video-preview":"max-video-preview:-1"},"canonical":"https:\/\/legardemanger01.fr\/index.php\/galerie-food-truck-prestation\/","og_locale":"fr_FR","og_type":"article","og_title":"Galerie Food Truck Prestations - Le Garde Manger - Food Truck Gourmand dans l'Ain \u00e0 Meximieux (01) photo","og_description":"La galerie photo Food Truck de nos diff\u00e9rentes prestations r\u00e9alis\u00e9es. Mariage, anniversaire et autres festivit\u00e9s ! Disponible !","og_url":"https:\/\/legardemanger01.fr\/index.php\/galerie-food-truck-prestation\/","og_site_name":"Le Garde Manger - Food Truck Gourmand","article_publisher":"https:\/\/www.facebook.com\/profile.php?id=100054515196930","article_modified_time":"2024-10-11T13:21:46+00:00","og_image":[{"url":"https:\/\/i1.wp.com\/legardemanger01.fr\/wp-content\/uploads\/2023\/09\/photo-fleur-loin-846x1024.jpg?ssl=1","type":"","width":"","height":""}],"twitter_card":"summary_large_image","twitter_misc":{"Dur\u00e9e de lecture estim\u00e9e":"12 minutes"},"schema":{"@context":"https:\/\/schema.org","@graph":[{"@type":"WebPage","@id":"https:\/\/legardemanger01.fr\/index.php\/galerie-food-truck-prestation\/","url":"https:\/\/legardemanger01.fr\/index.php\/galerie-food-truck-prestation\/","name":"Galerie Food Truck Prestations - Le Garde Manger - Food Truck Gourmand dans l'Ain \u00e0 Meximieux (01) photo","isPartOf":{"@id":"https:\/\/legardemanger01.fr\/#website"},"primaryImageOfPage":{"@id":"https:\/\/legardemanger01.fr\/index.php\/galerie-food-truck-prestation\/#primaryimage"},"image":{"@id":"https:\/\/legardemanger01.fr\/index.php\/galerie-food-truck-prestation\/#primaryimage"},"thumbnailUrl":"https:\/\/i1.wp.com\/legardemanger01.fr\/wp-content\/uploads\/2023\/09\/photo-fleur-loin-846x1024.jpg?ssl=1","datePublished":"2023-09-13T11:39:20+00:00","dateModified":"2024-10-11T13:21:46+00:00","description":"La galerie photo Food Truck de nos diff\u00e9rentes prestations r\u00e9alis\u00e9es. Mariage, anniversaire et autres festivit\u00e9s ! Disponible !","breadcrumb":{"@id":"https:\/\/legardemanger01.fr\/index.php\/galerie-food-truck-prestation\/#breadcrumb"},"inLanguage":"fr-FR","potentialAction":[{"@type":"ReadAction","target":["https:\/\/legardemanger01.fr\/index.php\/galerie-food-truck-prestation\/"]}]},{"@type":"ImageObject","inLanguage":"fr-FR","@id":"https:\/\/legardemanger01.fr\/index.php\/galerie-food-truck-prestation\/#primaryimage","url":"https:\/\/i1.wp.com\/legardemanger01.fr\/wp-content\/uploads\/2023\/09\/photo-fleur-loin-846x1024.jpg?ssl=1","contentUrl":"https:\/\/i1.wp.com\/legardemanger01.fr\/wp-content\/uploads\/2023\/09\/photo-fleur-loin-846x1024.jpg?ssl=1"},{"@type":"BreadcrumbList","@id":"https:\/\/legardemanger01.fr\/index.php\/galerie-food-truck-prestation\/#breadcrumb","itemListElement":[{"@type":"ListItem","position":1,"name":"Accueil","item":"https:\/\/legardemanger01.fr\/"},{"@type":"ListItem","position":2,"name":"Galerie Food Truck Prestations"}]},{"@type":"WebSite","@id":"https:\/\/legardemanger01.fr\/#website","url":"https:\/\/legardemanger01.fr\/","name":"Le Garde Manger - Food Truck Gourmand","description":"Complice de votre gourmandise depuis 2007","publisher":{"@id":"https:\/\/legardemanger01.fr\/#organization"},"potentialAction":[{"@type":"SearchAction","target":{"@type":"EntryPoint","urlTemplate":"https:\/\/legardemanger01.fr\/?s={search_term_string}"},"query-input":{"@type":"PropertyValueSpecification","valueRequired":true,"valueName":"search_term_string"}}],"inLanguage":"fr-FR"},{"@type":"Organization","@id":"https:\/\/legardemanger01.fr\/#organization","name":"Le Garde Manger - Food Truck Gourmand","url":"https:\/\/legardemanger01.fr\/","logo":{"@type":"ImageObject","inLanguage":"fr-FR","@id":"https:\/\/legardemanger01.fr\/#\/schema\/logo\/image\/","url":"https:\/\/legardemanger01.fr\/wp-content\/uploads\/2023\/08\/cropped-legardemanger01-logo-ivoire.png","contentUrl":"https:\/\/legardemanger01.fr\/wp-content\/uploads\/2023\/08\/cropped-legardemanger01-logo-ivoire.png","width":1000,"height":280,"caption":"Le Garde Manger - Food Truck Gourmand"},"image":{"@id":"https:\/\/legardemanger01.fr\/#\/schema\/logo\/image\/"},"sameAs":["https:\/\/www.facebook.com\/profile.php?id=100054515196930","https:\/\/www.instagram.com\/legardemanger01\/"]}]}},"jetpack_sharing_enabled":true,"_links":{"self":[{"href":"https:\/\/legardemanger01.fr\/index.php\/wp-json\/wp\/v2\/pages\/523","targetHints":{"allow":["GET"]}}],"collection":[{"href":"https:\/\/legardemanger01.fr\/index.php\/wp-json\/wp\/v2\/pages"}],"about":[{"href":"https:\/\/legardemanger01.fr\/index.php\/wp-json\/wp\/v2\/types\/page"}],"author":[{"embeddable":true,"href":"https:\/\/legardemanger01.fr\/index.php\/wp-json\/wp\/v2\/users\/1"}],"replies":[{"embeddable":true,"href":"https:\/\/legardemanger01.fr\/index.php\/wp-json\/wp\/v2\/comments?post=523"}],"version-history":[{"count":19,"href":"https:\/\/legardemanger01.fr\/index.php\/wp-json\/wp\/v2\/pages\/523\/revisions"}],"predecessor-version":[{"id":1301,"href":"https:\/\/legardemanger01.fr\/index.php\/wp-json\/wp\/v2\/pages\/523\/revisions\/1301"}],"wp:attachment":[{"href":"https:\/\/legardemanger01.fr\/index.php\/wp-json\/wp\/v2\/media?parent=523"}],"curies":[{"name":"wp","href":"https:\/\/api.w.org\/{rel}","templated":true}]}}